{"id":3828,"date":"2024-06-28T08:35:01","date_gmt":"2024-06-28T18:35:01","guid":{"rendered":"https:\/\/international.upf.pf\/?page_id=3828"},"modified":"2025-09-23T16:34:28","modified_gmt":"2025-09-24T02:34:28","slug":"partir-en-programme-dechanges","status":"publish","type":"page","link":"https:\/\/international.upf.pf\/en\/partir-a-letranger\/etudiants-de-lupf\/partir-en-programme-dechanges\/","title":{"rendered":"Go on an Exchange program"},"content":{"rendered":"<!--themify_builder_content-->\n<div id=\"themify_builder_content-3828\" data-postid=\"3828\" class=\"themify_builder_content themify_builder_content-3828 themify_builder tf_clear\">\n                    <div  data-lazy=\"1\" class=\"module_row themify_builder_row breadcrumbs-over-image tb_yssg673 tb_first tf_w\">\n                        <div class=\"row_inner col_align_top tb_col_count_1 tf_box tf_rel\">\n                        <div  data-lazy=\"1\" class=\"module_column tb-column col-full tb_sbrj673 first\">\n                    <!-- module template_part -->\n<div  class=\"module module-layout-part tb_hx9x673 \">\n    <div class=\"tb_layout_part_wrap tf_w\"><!--themify_builder_content-->\n    <div  class=\"themify_builder_content themify_builder_content-3962 themify_builder not_editable_builder in_the_loop\" data-postid=\"3962\">\n                        <div  data-lazy=\"1\" class=\"module_row themify_builder_row tb_zyhm70 tf_w\">\n                        <div class=\"row_inner col_align_top tb_col_count_1 tf_box tf_rel\">\n                        <div  data-lazy=\"1\" class=\"module_column tb-column col-full tb_7mpd70 first\">\n                    <!-- Breadcrumbs module -->\n<div  class=\"module module-breadcrumbs tb_c82970 breadcrumbs-upf\" data-lazy=\"1\">\n\t<nav role=\"navigation\" aria-label=\"Breadcrumbs\" class=\"tbp_breadcrumb_trail\"><ul class=\"tbp_trail_items\" itemscope itemtype=\"http:\/\/schema.org\/BreadcrumbList\"><meta name=\"numberOfItems\" content=\"1\" \/><meta name=\"itemListOrder\" content=\"Ascending\" \/><li itemprop=\"itemListElement\" itemscope itemtype=\"https:\/\/schema.org\/ListItem\" class=\"tbp_trail_item tbp_trail_end\"><a itemprop=\"item\" href=\"https:\/\/international.upf.pf\/en\/\" rel=\"home\"><span itemprop=\"name\">Accueil<\/span><\/a><meta itemprop=\"position\" content=\"1\" \/><\/li><\/ul><\/nav><\/div><!-- \/Breadcrumbs module -->\n        <\/div>\n                        <\/div>\n        <\/div>\n            <\/div>\n<!--\/themify_builder_content--><\/div>\n<\/div>\n<!-- \/module template_part -->        <\/div>\n                        <\/div>\n        <\/div>\n                        <div  data-css_id=\"son6706\" data-lazy=\"1\" class=\"module_row themify_builder_row fullwidth_row_container tb_son6706 tf_w\">\n                        <div class=\"row_inner col_align_top tb_col_count_1 tf_box tf_rel\">\n                        <div  data-lazy=\"1\" class=\"module_column tb-column col-full tb_3m2x706 first\">\n                    <!-- module template_part -->\n<div  class=\"module module-layout-part tb_nkhw454 \">\n    <div class=\"tb_layout_part_wrap tf_w\"><!--themify_builder_content-->\n    <div  class=\"themify_builder_content themify_builder_content-3938 themify_builder not_editable_builder in_the_loop\" data-postid=\"3938\">\n                        <div  data-css_id=\"o922564\" data-sticky-active=\"{&quot;d&quot;:{&quot;stick&quot;:{&quot;v&quot;:&quot;105&quot;}}}\" data-lazy=\"1\" class=\"module_row themify_builder_row fullwidth tb_o922564 tf_w\">\n                        <div class=\"row_inner col_align_top tb_col_count_1 tf_box tf_rel\">\n                        <div  data-lazy=\"1\" class=\"module_column tb-column col-full tb_nyjv564 first\">\n                    <!-- module menu -->\n<div  class=\"module module-menu tb_twl7564 second-menu mobile-menu-slide wow\" data-menu-style=\"mobile-menu-slide\" data-menu-breakpoint=\"0\" data-element-id=\"tb_twl7564\" data-tf-animation=\"fadeIn\" data-lazy=\"1\">\n        \n    \n<!-- UberMenu [Configuration:main] [Theme Loc:main-nav] [Integration:auto] -->\n<button class=\"ubermenu-responsive-toggle ubermenu-responsive-toggle-main ubermenu-skin-none ubermenu-loc-main-nav ubermenu-responsive-toggle-content-align-left ubermenu-responsive-toggle-align-full ubermenu-responsive-toggle-close-icon-times \" tabindex=\"0\" data-ubermenu-target=\"ubermenu-main-3-main-nav-2\"   aria-label=\"Toggle Layout Going abroad - EN\"><i class=\"fas fa-bars\" ><\/i>Menu<\/button><nav id=\"ubermenu-main-3-main-nav-2\" class=\"ubermenu ubermenu-nojs ubermenu-main ubermenu-menu-3 ubermenu-loc-main-nav ubermenu-responsive ubermenu-responsive-single-column ubermenu-responsive-single-column-subs ubermenu-responsive-default ubermenu-responsive-collapse ubermenu-horizontal ubermenu-transition-none ubermenu-trigger-click ubermenu-skin-none  ubermenu-bar-align-full ubermenu-items-align-auto ubermenu-disable-submenu-scroll ubermenu-retractors-responsive ubermenu-submenu-indicator-closes\"><ul id=\"ubermenu-nav-main-3-main-nav\" class=\"ubermenu-nav\" data-title=\"Main Menu \/ Ordinateur - FR\"><li id=\"menu-item-3903\" class=\"menu-item-page-3828 ubermenu-item ubermenu-item-type-post_type ubermenu-item-object-page ubermenu-item-3903 ubermenu-item-level-0 ubermenu-column ubermenu-column-auto\" ><a class=\"ubermenu-target ubermenu-item-layout-default ubermenu-item-layout-text_only\" href=\"https:\/\/international.upf.pf\/en\/partir-a-letranger\/etudiants-de-lupf\/partir-en-programme-dechanges\/\" tabindex=\"0\"><span class=\"ubermenu-target-title ubermenu-target-text\">Exchange program<\/span><\/a><\/li><li id=\"menu-item-3900\" class=\"menu-item-page-3851 ubermenu-item ubermenu-item-type-post_type ubermenu-item-object-page ubermenu-item-3900 ubermenu-item-level-0 ubermenu-column ubermenu-column-auto\" ><a class=\"ubermenu-target ubermenu-item-layout-default ubermenu-item-layout-text_only\" href=\"https:\/\/international.upf.pf\/en\/partir-a-letranger\/etudiants-de-lupf\/faire-un-stage-a-letranger\/\" tabindex=\"0\"><span class=\"ubermenu-target-title ubermenu-target-text\">Internship abroad<\/span><\/a><\/li><li id=\"menu-item-3901\" class=\"menu-item-page-3855 ubermenu-item ubermenu-item-type-post_type ubermenu-item-object-page ubermenu-item-3901 ubermenu-item-level-0 ubermenu-column ubermenu-column-auto\" ><a class=\"ubermenu-target ubermenu-item-layout-default ubermenu-item-layout-text_only\" href=\"https:\/\/international.upf.pf\/en\/partir-a-letranger\/etudiants-de-lupf\/financer-sa-mobilite\/\" tabindex=\"0\"><span class=\"ubermenu-target-title ubermenu-target-text\">Financing your mobility<\/span><\/a><\/li><li id=\"menu-item-3899\" class=\"menu-item-page-3847 ubermenu-item ubermenu-item-type-post_type ubermenu-item-object-page ubermenu-item-3899 ubermenu-item-level-0 ubermenu-column ubermenu-column-auto\" ><a class=\"ubermenu-target ubermenu-item-layout-default ubermenu-item-layout-text_only\" href=\"https:\/\/international.upf.pf\/en\/partir-a-letranger\/etudiants-de-lupf\/devenir-assistant-de-francais-a-letranger\/\" tabindex=\"0\"><span class=\"ubermenu-target-title ubermenu-target-text\">French language assistant<\/span><\/a><\/li><li id=\"menu-item-3902\" class=\"menu-item-page-3835 ubermenu-item ubermenu-item-type-post_type ubermenu-item-object-page ubermenu-item-3902 ubermenu-item-level-0 ubermenu-column ubermenu-column-auto\" ><a class=\"ubermenu-target ubermenu-item-layout-default ubermenu-item-layout-text_only\" href=\"https:\/\/international.upf.pf\/en\/partir-a-letranger\/etudiants-de-lupf\/participer-a-une-summer-school\/\" tabindex=\"0\"><span class=\"ubermenu-target-title ubermenu-target-text\">Summer school<\/span><\/a><\/li><li id=\"menu-item-3904\" class=\"menu-item-page-3829 ubermenu-item ubermenu-item-type-post_type ubermenu-item-object-page ubermenu-item-3904 ubermenu-item-level-0 ubermenu-column ubermenu-column-auto\" ><a class=\"ubermenu-target ubermenu-item-layout-default ubermenu-item-layout-text_only\" href=\"https:\/\/international.upf.pf\/en\/partir-a-letranger\/etudiants-de-lupf\/universites-partenaires\/\" tabindex=\"0\"><span class=\"ubermenu-target-title ubermenu-target-text\">Partner universities<\/span><\/a><\/li><\/ul><\/nav>\n<!-- End UberMenu -->\n        <style>\n            .mobile-menu-module[data-module=\"tb_twl7564\"]{\n                right:-300px            }\n        <\/style>\n    <\/div>\n<!-- \/module menu -->\n        <\/div>\n                        <\/div>\n        <\/div>\n            <\/div>\n<!--\/themify_builder_content--><\/div>\n<\/div>\n<!-- \/module template_part -->        <\/div>\n                        <\/div>\n        <\/div>\n                        <div  data-anchor=\"partirenprogrammedechanges\" data-lazy=\"1\" class=\"module_row themify_builder_row tb_has_section tb_section-partirenprogrammedechanges tb_k76z820 tf_w\">\n                        <div class=\"row_inner col_align_top gutter-narrow tb_col_count_2 tf_box tf_rel\">\n                        <div  data-lazy=\"1\" class=\"module_column tb-column col4-2 tb_o6rz820 first\">\n                            <div  data-lazy=\"1\" class=\"module_subrow themify_builder_sub_row tf_w col_align_top tb_col_count_1 tb_1hct820\">\n                <div  data-lazy=\"1\" class=\"module_column sub_column col-full tb_m4o0820 first\">\n                            <div  data-lazy=\"1\" class=\"module_subrow themify_builder_sub_row tf_w col_align_top tb_col_count_1 tb_vlgi820\">\n                <div  data-lazy=\"1\" class=\"module_column sub_column col-full tb_a9hy820 first\">\n                    <!-- module image -->\n<div  class=\"module module-image tb_ltx3820 image-top   tf_mw\" data-lazy=\"1\">\n        <div class=\"image-wrap tf_rel tf_mw\">\n            <a href=\"https:\/\/international.upf.pf\/wp-content\/uploads\/2024\/02\/echange-international.jpg\" class=\"lightbox-builder themify_lightbox\">\n                   <img loading=\"lazy\" decoding=\"async\" src=\"https:\/\/international.upf.pf\/wp-content\/uploads\/2025\/02\/IMG_2069.jpg\" width=\"588\" height=\"381\" class=\"wp-post-image wp-image-5056\" title=\"IMG_2069\" alt=\"IMG_2069\">        <\/a>\n    \n        <\/div>\n    <!-- \/image-wrap -->\n    \n        <\/div>\n<!-- \/module image -->        <\/div>\n                    <\/div>\n                <\/div>\n                    <\/div>\n                <\/div>\n                    <div  data-lazy=\"1\" class=\"module_column tb-column col4-2 tb_lj3b360 last\">\n                    <!-- module text -->\n<div  class=\"module module-text tb_etb1820   \" data-lazy=\"1\">\n        <div  class=\"tb_text_wrap\">\n        <p>UPF allows you to complete part of your studies abroad thanks to cooperation agreements signed with partner universities.<\/p>    <\/div>\n<\/div>\n<!-- \/module text --><!-- module text -->\n<div  class=\"module module-text tb_9v3n820   \" data-lazy=\"1\">\n        <div  class=\"tb_text_wrap\">\n        <h3>PREPARING AND REFINING YOUR PROJECT<\/h3>\n<p>A mobility project must be planned at least one year in advance. Carefully preparing your stay increases your chances of successfully carrying out your mobility project and, in some cases, obtaining financial support (International Mobility Grant and\/or Erasmus+ allowance). Indeed, you will need to ensure that you can financially support yourself once you are abroad.<\/p>    <\/div>\n<\/div>\n<!-- \/module text -->        <\/div>\n                        <\/div>\n        <\/div>\n                        <div  data-lazy=\"1\" class=\"module_row themify_builder_row tb_c8qv268 tf_w\">\n                        <div class=\"row_inner col_align_top tb_col_count_1 tf_box tf_rel\">\n                        <div  data-lazy=\"1\" class=\"module_column tb-column col-full tb_yzus269 first\">\n                    <!-- module text -->\n<div  class=\"module module-text tb_fvff761   \" data-lazy=\"1\">\n        <div  class=\"tb_text_wrap\">\n        <h3 style=\"text-align: center;\">ADVANTAGES AND SUPPORT FOR MOBILITY<\/h3>    <\/div>\n<\/div>\n<!-- \/module text -->        <\/div>\n                        <\/div>\n        <\/div>\n                        <div  data-lazy=\"1\" class=\"module_row themify_builder_row tb_3tqh554 tf_w\">\n                        <div class=\"row_inner col_align_top tb_col_count_1 tf_box tf_rel\">\n                        <div  data-lazy=\"1\" class=\"module_column tb-column col-full tb_qowq554 first\">\n                            <div  data-lazy=\"1\" class=\"module_subrow themify_builder_sub_row tf_w col_align_top gutter-narrow tb_col_count_2 tb_kl5y750\">\n                <div  data-lazy=\"1\" class=\"module_column sub_column col4-2 tb_4eq216 height500 first\">\n                    <!-- module text -->\n<div  class=\"module module-text tb_etj016 height500  \" data-lazy=\"1\">\n        <div  class=\"tb_text_wrap\">\n        <h4 style=\"text-align: center;\"><span style=\"color: #000000;\">At the host university<\/span><\/h4>\n<p data-start=\"641\" data-end=\"658\">You benefit from<\/p>\n<ul data-start=\"660\" data-end=\"958\">\n<li data-start=\"660\" data-end=\"717\">\n<p data-start=\"662\" data-end=\"717\">exemption from tuition fees for one or two semesters;<\/p>\n<\/li>\n<li data-start=\"718\" data-end=\"821\">\n<p data-start=\"720\" data-end=\"821\">access to courses within a study program (4 to 5 subjects per semester for international mobility);<\/p>\n<\/li>\n<li data-start=\"822\" data-end=\"885\">\n<p data-start=\"824\" data-end=\"885\">the possibility of accommodation in a university residence;<\/p>\n<\/li>\n<li data-start=\"886\" data-end=\"958\">\n<p data-start=\"888\" data-end=\"958\">the same rights as full-time students enrolled at the host university.<\/p>\n<\/li>\n<\/ul>    <\/div>\n<\/div>\n<!-- \/module text -->        <\/div>\n                    <div  data-lazy=\"1\" class=\"module_column sub_column col4-2 tb_w3ht161 height500 last\">\n                    <!-- module text -->\n<div  class=\"module module-text tb_jtpe552   \" data-lazy=\"1\">\n        <div  class=\"tb_text_wrap\">\n        <h4 style=\"text-align: center;\"><span style=\"color: #000000;\">Thanks to UPF<\/span><\/h4>\n<p data-start=\"977\" data-end=\"994\">You benefit from:<\/p>\n<ul data-start=\"996\" data-end=\"1422\" data-is-last-node=\"\" data-is-only-node=\"\">\n<li data-start=\"996\" data-end=\"1066\">\n<p data-start=\"998\" data-end=\"1066\">paying the regular tuition fees at UPF, where you remain enrolled;<\/p>\n<\/li>\n<li data-start=\"1067\" data-end=\"1148\">\n<p data-start=\"1069\" data-end=\"1148\">assistance with the administrative procedures related to your project abroad;<\/p>\n<\/li>\n<li data-start=\"1149\" data-end=\"1284\">\n<p data-start=\"1151\" data-end=\"1284\">if you are a scholarship holder: you keep your scholarship under the same conditions as if you were continuing your studies at UPF;<\/p>\n<\/li>\n<li data-start=\"1285\" data-end=\"1422\" data-is-last-node=\"\">\n<p data-start=\"1287\" data-end=\"1422\" data-is-last-node=\"\">recognition of your study period abroad if you pass your exams, in accordance with the learning agreement established before departure.<\/p>\n<\/li>\n<\/ul>    <\/div>\n<\/div>\n<!-- \/module text -->        <\/div>\n                    <\/div>\n                <\/div>\n                        <\/div>\n        <\/div>\n                        <div  data-anchor=\"partir-en-erasmus\" data-hide-anchor=\"1\" data-lazy=\"1\" class=\"module_row themify_builder_row tb_has_section tb_section-partir-en-erasmus tb_t024943 tf_w\">\n                        <div class=\"row_inner col_align_top tb_col_count_1 tf_box tf_rel\">\n                        <div  data-lazy=\"1\" class=\"module_column tb-column col-full tb_9kqm943 first\">\n                    <!-- module text -->\n<div  class=\"module module-text tb_1j4p943   \" data-lazy=\"1\">\n        <div  class=\"tb_text_wrap\">\n        <h2><img decoding=\"async\" class=\"title-image\" src=\"https:\/\/international.upf.pf\/wp-content\/uploads\/2024\/07\/partir-europe-blueicon.svg\"> Going to Europe with ERASMUS+<\/h2>    <\/div>\n<\/div>\n<!-- \/module text -->        <\/div>\n                        <\/div>\n        <\/div>\n                        <div  data-anchor=\"partir-en-erasmus\" data-hide-anchor=\"1\" data-lazy=\"1\" class=\"module_row themify_builder_row tb_has_section tb_section-partir-en-erasmus tb_9ozg281 tf_w\">\n                        <div class=\"row_inner col_align_top tb_col_count_2 tf_box tf_rel\">\n                        <div  data-lazy=\"1\" class=\"module_column tb-column col4-2 tb_bmp4281 first\">\n                    <!-- module image -->\n<div  class=\"module module-image tb_92bo785 image-top   tf_mw\" data-lazy=\"1\">\n        <div class=\"image-wrap tf_rel tf_mw\">\n            <img loading=\"lazy\" decoding=\"async\" width=\"795\" height=\"625\" src=\"https:\/\/international.upf.pf\/wp-content\/uploads\/2024\/07\/etudiants-upf8.jpg\" class=\"wp-post-image wp-image-2706\" title=\"etudiants-upf8\" alt=\"etudiants-upf8\">    \n        <\/div>\n    <!-- \/image-wrap -->\n    \n        <\/div>\n<!-- \/module image -->        <\/div>\n                    <div  data-lazy=\"1\" class=\"module_column tb-column col4-2 tb_9ix5564 last\">\n                    <!-- module text -->\n<div  class=\"module module-text tb_w8fo933   \" data-lazy=\"1\">\n        <div  class=\"tb_text_wrap\">\n        <p data-start=\"39\" data-end=\"405\"><span data-start=\"39\" data-end=\"204\">Thanks to the Erasmus+ program, you have the opportunity to complete part of your university studies in Europe, either through a study exchange or an internship.<\/span> From the second year of your Bachelor&#8217;s degree (L2), you can go abroad for a period of two to twelve months at a European higher education institution that has signed a cooperation agreement with UPF.<\/p>\n<p data-start=\"407\" data-end=\"517\">To discover the Erasmus+ partner universities, check the interactive map under the \u201cPartner Universities\u201d tab.<\/p>\n<p data-start=\"519\" data-end=\"607\" data-is-last-node=\"\" data-is-only-node=\"\">Below, you will find all the necessary information to prepare your mobility application.<\/p>    <\/div>\n<\/div>\n<!-- \/module text -->        <\/div>\n                        <\/div>\n        <\/div>\n                        <div  data-lazy=\"1\" class=\"module_row themify_builder_row tb_ffdh751 tf_w hide-mobile\">\n                        <div class=\"row_inner col_align_top tb_col_count_1 tf_box tf_rel\">\n                        <div  data-lazy=\"1\" class=\"module_column tb-column col-full tb_sgyw751 first\">\n                    <!-- module tab -->\n<div  id=\"tb_wvto751\" class=\"module ui module-tab tb_wvto751 minimal  tb_default_color \" data-lazy=\"1\">\n        <div class=\"tab-nav-current-active tf_hide\">\n\t\t<span class=\"tab_burger_icon_wrap\">\n\t        <span class=\"tab_burger_icon tf_rel\"><\/span>\n\t\t<\/span>\n        <span class=\"tb_activetab_title\">\n            <span class=\"tb_tab_title\">ELIGIBILITY CRITERIA<\/span>\n                    <\/span>\n    <\/div>\n    <ul class=\"tab-nav tf_clearfix tf_scrollbar\">\n                <li class=\"current\" aria-expanded=\"true\">\n            <a href=\"#tab-tb_wvto751-0\">\n                                <span class=\"tb_tab_title\">ELIGIBILITY CRITERIA<\/span>                                            <\/a>\n        <\/li>\n                <li aria-expanded=\"false\">\n            <a href=\"#tab-tb_wvto751-1\">\n                                <span class=\"tb_tab_title\">PROCEDURES<\/span>                                            <\/a>\n        <\/li>\n                <li aria-expanded=\"false\">\n            <a href=\"#tab-tb_wvto751-2\">\n                                <span class=\"tb_tab_title\">DEADLINES<\/span>                                            <\/a>\n        <\/li>\n                <li aria-expanded=\"false\">\n            <a href=\"#tab-tb_wvto751-3\">\n                                <span class=\"tb_tab_title\">ADMINISTRATIVE REQUIREMENTS<\/span>                                            <\/a>\n        <\/li>\n                <li aria-expanded=\"false\">\n            <a href=\"#tab-tb_wvto751-4\">\n                                <span class=\"tb_tab_title\">ACADEMIC RECOGNITION<\/span>                                            <\/a>\n        <\/li>\n            <\/ul>\n            <div data-id=\"tab-tb_wvto751-0\" class=\"tab-content tf_clear\" aria-hidden=\"false\">\n                    <div  data-lazy=\"1\" class=\"module_subrow themify_builder_sub_row tf_w col_align_top tb_col_count_1 tb_u3f8571\">\n                <div  data-lazy=\"1\" class=\"module_column sub_column tb_wfjp571 first\">\n                    <!-- module text -->\n<div  class=\"module module-text tb_l5wr571   \" data-lazy=\"1\">\n        <div  class=\"tb_text_wrap\">\n        <p data-start=\"128\" data-end=\"229\"><strong data-start=\"128\" data-end=\"227\">To be eligible to apply for an exchange program, students must meet the following requirements:<\/strong><\/p>\n<ul data-start=\"231\" data-end=\"716\">\n<li data-start=\"231\" data-end=\"285\">\n<p data-start=\"233\" data-end=\"285\">Be enrolled at the University of French Polynesia;<\/p>\n<\/li>\n<li data-start=\"286\" data-end=\"341\">\n<p data-start=\"288\" data-end=\"341\">Have successfully validated all previous semesters;<\/p>\n<\/li>\n<li data-start=\"342\" data-end=\"425\">\n<p data-start=\"344\" data-end=\"425\">Be in at least the second year of a Bachelor\u2019s degree at the time of departure;<\/p>\n<\/li>\n<li data-start=\"426\" data-end=\"597\">\n<p data-start=\"428\" data-end=\"597\">Demonstrate sufficient language proficiency in the host country (minimum B1 level recommended, though higher proficiency may be required depending on the institution);<\/p>\n<\/li>\n<li data-start=\"598\" data-end=\"657\">\n<p data-start=\"600\" data-end=\"657\">Present a coherent and well-motivated mobility project;<\/p>\n<\/li>\n<li data-start=\"658\" data-end=\"716\">\n<p data-start=\"660\" data-end=\"716\">Be capable of working and living independently abroad.<\/p>\n<\/li>\n<\/ul>\n<p data-start=\"718\" data-end=\"874\"><em data-start=\"721\" data-end=\"872\"><strong>Please note:<\/strong>\u00a0some partner universities require applicants to have completed at least one full year of a Bachelor\u2019s degree at the time of application.<\/em><\/p>    <\/div>\n<\/div>\n<!-- \/module text -->        <\/div>\n                    <\/div>\n                <\/div>\n            <div data-id=\"tab-tb_wvto751-1\" class=\"tab-content tf_clear\" aria-hidden=\"true\">\n                    <div  data-lazy=\"1\" class=\"module_subrow themify_builder_sub_row tf_w col_align_top tb_col_count_2 tb_knfl751\">\n                <div  data-lazy=\"1\" class=\"module_column sub_column col4-2 tb_y7xf751 first\">\n                    <!-- module text -->\n<div  class=\"module module-text tb_jxst751   \" data-lazy=\"1\">\n        <div  class=\"tb_text_wrap\">\n        <p data-start=\"41\" data-end=\"229\"><strong data-start=\"41\" data-end=\"107\">1. Make an appointment with the International Relations Office<\/strong><br data-start=\"107\" data-end=\"110\">Contact us to discuss your mobility project, possible destinations, and to better understand the procedure to follow.<\/p>\n<p data-start=\"231\" data-end=\"436\"><strong data-start=\"231\" data-end=\"307\">2. Complete the application form and prepare your provisional study plan<\/strong><br data-start=\"307\" data-end=\"310\">Build a draft course plan based on the course offerings of the partner universities, available on their respective websites.<\/p>\n<p data-start=\"438\" data-end=\"605\"><strong data-start=\"438\" data-end=\"476\">3. Meet with your academic advisor<\/strong><br data-start=\"476\" data-end=\"479\">Contact him\/her to present your mobility project. Your academic advisor will validate or adjust your provisional study plan.<\/p>\n<p data-start=\"607\" data-end=\"880\"><strong data-start=\"607\" data-end=\"660\">4. Submit your complete application file by email<\/strong><br data-start=\"660\" data-end=\"663\">Send all documents and attachments by email to the International Relations Office before the deadline. Your application will then be reviewed jointly by your academic advisors and the International Relations Office.<\/p>\n<p>\u00a0<\/p>\n<p data-start=\"882\" data-end=\"1022\">In the section <em data-start=\"897\" data-end=\"923\">\u201cForms and Useful Links\u201d<\/em>, you will find a detailed application guide as well as all the necessary downloadable documents.<\/p>    <\/div>\n<\/div>\n<!-- \/module text -->        <\/div>\n                    <div  data-lazy=\"1\" class=\"module_column sub_column col4-2 tb_7bk8751 last\">\n                            <div  data-lazy=\"1\" class=\"module_subrow themify_builder_sub_row tf_w col_align_top tb_col_count_1 tb_we55751\">\n                <div  data-lazy=\"1\" class=\"module_column sub_column col-full tb_831s751 first\">\n                    <!-- module template_part -->\n<div  class=\"module module-layout-part tb_y04m751 \">\n    <div class=\"tb_layout_part_wrap tf_w\"><!--themify_builder_content-->\n    <div  class=\"themify_builder_content themify_builder_content-3929 themify_builder not_editable_builder in_the_loop\" data-postid=\"3929\">\n                        <div  data-lazy=\"1\" class=\"module_row themify_builder_row tb_p1hc005 tf_w\">\n                        <div class=\"row_inner col_align_top tb_col_count_1 tf_box tf_rel\">\n                        <div  data-lazy=\"1\" class=\"module_column tb-column col-full tb_cix9444 first\">\n                    <!-- module text -->\n<div  class=\"module module-text tb_hb01757   \" data-lazy=\"1\">\n        <div  class=\"tb_text_wrap\">\n        <p>Useful forms and links<\/p>    <\/div>\n<\/div>\n<!-- \/module text -->        <\/div>\n                        <\/div>\n        <\/div>\n            <\/div>\n<!--\/themify_builder_content--><\/div>\n<\/div>\n<!-- \/module template_part --><!-- module buttons -->\n<div  class=\"module module-buttons tb_rbsh751 buttons-horizontal transparent   buttons-fullwidth\" data-lazy=\"1\">\n        <div class=\"module-buttons-item tf_in_flx\">\n                        <a href=\"https:\/\/www.canva.com\/design\/DAGKA0ddU4g\/N-DpHTSlai1QQJDO3VrYwQ\/view?utm_content=DAGKA0ddU4g&#038;utm_campaign=designshare&#038;utm_medium=link&#038;utm_source=editor\" class=\"ui builder_button tf_in_flx transparent\" >\n                                                Guide de candidature                                        <\/a>\n                <\/div>\n            <\/div>\n<!-- \/module buttons -->\n<!-- module buttons -->\n<div  class=\"module module-buttons tb_9dlq751 buttons-horizontal solid   buttons-fullwidth\" data-lazy=\"1\">\n        <div class=\"module-buttons-item tf_in_flx\">\n                        <a href=\"https:\/\/international.upf.pf\/wp-content\/uploads\/2025\/09\/Formulaire-de-candidature-Programme-dechange-international_MAJ-27022025.pdf\" class=\"ui builder_button tf_in_flx transparent\" >\n                                                Formulaire de candidature                                        <\/a>\n                <\/div>\n            <\/div>\n<!-- \/module buttons -->\n<!-- module buttons -->\n<div  class=\"module module-buttons tb_f4yh572 buttons-horizontal solid   buttons-fullwidth\" data-lazy=\"1\">\n        <div class=\"module-buttons-item tf_in_flx\">\n                        <a href=\"https:\/\/www.canva.com\/design\/DAGAu3Jo_XQ\/CfbEc1EoLkGpabKb4pJqag\/view?utm_content=DAGAu3Jo_XQ&#038;utm_campaign=designshare&#038;utm_medium=link&#038;utm_source=editor\" class=\"ui builder_button tf_in_flx transparent\" >\n                                                Plan d'\u00e9tudes provisoire                                        <\/a>\n                <\/div>\n            <\/div>\n<!-- \/module buttons -->\n<!-- module buttons -->\n<div  class=\"module module-buttons tb_ins3787 buttons-horizontal solid   buttons-fullwidth\" data-lazy=\"1\">\n        <div class=\"module-buttons-item tf_in_flx\">\n                        <a href=\"https:\/\/international.upf.pf\/wp-content\/uploads\/2025\/09\/Responsabilites-admi-pedag-2025-2026.pdf\" class=\"ui builder_button tf_in_flx transparent\" >\n                                                Liste des responsables p\u00e9dagogiques 2025-2026                                        <\/a>\n                <\/div>\n            <\/div>\n<!-- \/module buttons -->\n        <\/div>\n                    <\/div>\n                <\/div>\n                    <\/div>\n                <\/div>\n            <div data-id=\"tab-tb_wvto751-2\" class=\"tab-content tf_clear\" aria-hidden=\"true\">\n                    <div  data-lazy=\"1\" class=\"module_subrow themify_builder_sub_row tf_w col_align_top tb_col_count_1 tb_15r0751\">\n                <div  data-lazy=\"1\" class=\"module_column sub_column tb_i569751 first\">\n                    <!-- module text -->\n<div  class=\"module module-text tb_90it751   \" data-lazy=\"1\">\n        <div  class=\"tb_text_wrap\">\n        <hr data-start=\"36\" data-end=\"39\">\n<p data-start=\"41\" data-end=\"232\">The application file must be submitted no later than <strong data-start=\"94\" data-end=\"118\">31 March (inclusive)<\/strong> for a departure in the first semester, and <strong data-start=\"162\" data-end=\"190\">30 September (inclusive)<\/strong> for a departure in the second semester.<\/p>    <\/div>\n<\/div>\n<!-- \/module text -->        <\/div>\n                    <\/div>\n                <\/div>\n            <div data-id=\"tab-tb_wvto751-3\" class=\"tab-content tf_clear\" aria-hidden=\"true\">\n                    <div  data-lazy=\"1\" class=\"module_subrow themify_builder_sub_row tf_w col_align_top tb_col_count_2 tb_qnf8751\">\n                <div  data-lazy=\"1\" class=\"module_column sub_column col4-2 tb_vht0751 first\">\n                    <!-- module text -->\n<div  class=\"module module-text tb_f162751   \" data-lazy=\"1\">\n        <div  class=\"tb_text_wrap\">\n        <p data-start=\"141\" data-end=\"544\">Regardless of the duration of your study mobility (maximum of two semesters), <span style=\"font-weight: bold;\">you must remain enrolled at the University of French Polynesia (UPF<\/span>). Your enrollment at UPF is essential for the validation of your degree, even if part of it is completed at a partner university. You will only be required to pay tuition fees at UPF. The host university will register you without additional tuition costs.<\/p>\n<p data-start=\"546\" data-end=\"839\">If you are a French national going to a country within the Schengen Area, you generally do not need a student visa. However, some countries require a visa for any stay exceeding three months. It is therefore essential to check the specific requirements of your host country before departure.<\/p>\n<p data-start=\"841\" data-end=\"1051\">Before leaving, you must also take out travel insurance and ensure that you have valid health coverage for the entire duration of your stay abroad. An ERASMUS+ mobility kit is available upon request by email.<\/p>    <\/div>\n<\/div>\n<!-- \/module text -->        <\/div>\n                    <div  data-lazy=\"1\" class=\"module_column sub_column col4-2 tb_l8t7317 last\">\n                            <div  data-lazy=\"1\" class=\"module_subrow themify_builder_sub_row tf_w col_align_top tb_col_count_1 tb_sd8t317\">\n                <div  data-lazy=\"1\" class=\"module_column sub_column col-full tb_2w8x317 first\">\n                    <!-- module text -->\n<div  class=\"module module-text tb_n9ro317   \" data-lazy=\"1\">\n        <div  class=\"tb_text_wrap\">\n        <p>DOCUMENTS<\/p>    <\/div>\n<\/div>\n<!-- \/module text --><!-- module buttons -->\n<div  class=\"module module-buttons tb_aooa317 buttons-horizontal transparent  small buttons-fullwidth\" data-lazy=\"1\">\n        <div class=\"module-buttons-item tf_in_flx\">\n                        <a href=\"https:\/\/www.canva.com\/design\/DAGV2Ck2A4Y\/033qgzqqZVvZox4LWzKtCw\/view?utm_content=DAGV2Ck2A4Y&#038;utm_campaign=designshare&#038;utm_medium=link2&#038;utm_source=uniquelinks&#038;utlId=h5417b76242\" class=\"ui builder_button tf_in_flx tb_default_color\" >\n                                                Guide de proc\u00e9dure pour pr\u00e9parer sa mobilit\u00e9 en Europe                                        <\/a>\n                <\/div>\n            <\/div>\n<!-- \/module buttons -->\n<!-- module buttons -->\n<div  class=\"module module-buttons tb_r2jf317 buttons-horizontal solid  small buttons-fullwidth\" data-lazy=\"1\">\n        <div class=\"module-buttons-item tf_in_flx\">\n                        <a href=\"https:\/\/international.upf.pf\/wp-content\/uploads\/2025\/02\/Tableau-des-equivalences.xlsx\" class=\"ui builder_button tf_in_flx transparent\" >\n                                                Tableau des \u00e9quivalences                                        <\/a>\n                <\/div>\n            <\/div>\n<!-- \/module buttons -->\n        <\/div>\n                    <\/div>\n                <\/div>\n                    <\/div>\n                <\/div>\n            <div data-id=\"tab-tb_wvto751-4\" class=\"tab-content tf_clear\" aria-hidden=\"true\">\n                    <div  data-lazy=\"1\" class=\"module_subrow themify_builder_sub_row tf_w col_align_top tb_col_count_1 tb_g9kh751\">\n                <div  data-lazy=\"1\" class=\"module_column sub_column tb_4l0c751 first\">\n                    <!-- module text -->\n<div  class=\"module module-text tb_sdui751   \" data-lazy=\"1\">\n        <div  class=\"tb_text_wrap\">\n        <p data-start=\"41\" data-end=\"503\">The <strong data-start=\"45\" data-end=\"104\">European Credit Transfer and Accumulation System (ECTS)<\/strong> makes it possible to validate the credits earned during an Erasmus+ mobility period. Before starting their study or internship abroad, students participating in the Erasmus+ programme receive an Erasmus+ mobility agreement from UPF. This study period, whether for one semester or a full academic year, as well as the learning outcomes achieved, can be recognised and validated by UPF upon return.<\/p>\n<p data-start=\"505\" data-end=\"590\">For more information, please refer to <a href=\"https:\/\/www.upf.pf\/fr\/reglement-general-des-etudes-0\"><strong data-start=\"543\" data-end=\"587\">Annex 5 of the General Study Regulations<\/strong>.<\/a><\/p>    <\/div>\n<\/div>\n<!-- \/module text -->        <\/div>\n                    <\/div>\n                <\/div>\n    <\/div>\n<!-- \/module tab -->\n        <\/div>\n                        <\/div>\n        <\/div>\n                        <div  data-anchor=\"partir-hors-europe\" data-hide-anchor=\"1\" data-lazy=\"1\" class=\"module_row themify_builder_row tb_has_section tb_section-partir-hors-europe tb_ewte284 tf_w\">\n                        <div class=\"row_inner col_align_top tb_col_count_1 tf_box tf_rel\">\n                        <div  data-lazy=\"1\" class=\"module_column tb-column col-full tb_mfzh284 first\">\n                    <!-- module text -->\n<div  class=\"module module-text tb_3xnl284   \" data-lazy=\"1\">\n        <div  class=\"tb_text_wrap\">\n        <h2><img decoding=\"async\" class=\"title-image\" src=\"https:\/\/international.upf.pf\/wp-content\/uploads\/2024\/07\/partir-europe-blueicon.svg\">Partir hors-europe<\/h2>    <\/div>\n<\/div>\n<!-- \/module text -->        <\/div>\n                        <\/div>\n        <\/div>\n                        <div  data-lazy=\"1\" class=\"module_row themify_builder_row tb_c9iv397 tf_w\">\n                        <div class=\"row_inner col_align_top tb_col_count_2 tf_box tf_rel\">\n                        <div  data-lazy=\"1\" class=\"module_column tb-column col4-2 tb_a75y397 first\">\n                    <!-- module image -->\n<div  class=\"module module-image tb_wr3w397 image-center   tf_mw\" data-lazy=\"1\">\n        <div class=\"image-wrap tf_rel tf_mw\">\n            <a href=\"https:\/\/international.upf.pf\/wp-content\/uploads\/2024\/02\/Partir-en-mobilite-Hors-Europe_-etape-par-etape.png\" class=\"lightbox-builder themify_lightbox\" data-zoom-config=\"95%|95%\">\n                   <img loading=\"lazy\" decoding=\"async\" width=\"3088\" height=\"2320\" src=\"https:\/\/international.upf.pf\/wp-content\/uploads\/2025\/09\/Rava-Chung-Moekore-Estall-et-Clara-Lobstein-a-Londonberry.jpeg\" class=\"wp-post-image wp-image-6744\" title=\"Rava Chung - Moekore Estall et Clara Lobstein \u00e0 Londonberry\" alt=\"Rava Chung - Moekore Estall et Clara Lobstein \u00e0 Londonberry\">        <\/a>\n    \n        <\/div>\n    <!-- \/image-wrap -->\n    \n        <\/div>\n<!-- \/module image -->        <\/div>\n                    <div  data-lazy=\"1\" class=\"module_column tb-column col4-2 tb_b6xz397 last\">\n                    <!-- module text -->\n<div  class=\"module module-text tb_6xtc397   \" data-lazy=\"1\">\n        <div  class=\"tb_text_wrap\">\n        <p data-start=\"41\" data-end=\"261\">Some host universities require you to have obtained a sufficient score in an English language test such as <strong data-start=\"148\" data-end=\"197\">TOEFL (Test of English as a Foreign Language)<\/strong> or <strong data-start=\"201\" data-end=\"258\">IELTS (International English Language Testing System)<\/strong>.<\/p>\n<p data-start=\"263\" data-end=\"460\">Students with special needs may benefit from additional financial support and reimbursement of \u201cactual costs,\u201d such as specific accommodation, assistance from a companion, medical follow-up, etc.<\/p>\n<p data-start=\"462\" data-end=\"599\">Make sure to prepare well in advance to register online, take the test, and provide your results when submitting your application file.<\/p>    <\/div>\n<\/div>\n<!-- \/module text -->        <\/div>\n                        <\/div>\n        <\/div>\n                        <div  data-lazy=\"1\" class=\"module_row themify_builder_row tb_ox7m279 tf_w hide-desktop hide-tablet hide-tablet_landscape\">\n                        <div class=\"row_inner col_align_top tb_col_count_1 tf_box tf_rel\">\n                        <div  data-lazy=\"1\" class=\"module_column tb-column col-full tb_7gca279 first\">\n                    <!-- module accordion -->\n<div  class=\"module module-accordion tb_5vsu843 \" data-behavior=\"toggle\" data-lazy=\"1\">\n    \n    <ul class=\"ui module-accordion   transparent\">\n            <li>\n            <div class=\"accordion-title tf_rel\">\n                <a href=\"#acc-5vsu843-0\" class=\"tb_title_accordion\" aria-controls=\"acc-5vsu843-0-content\" aria-expanded=\"false\">\n                    <i class=\"accordion-icon\"><svg  class=\"tf_fa tf-ti-plus\" aria-hidden=\"true\"><use href=\"#tf-ti-plus\"><\/use><\/svg><\/i>                    <i class=\"accordion-active-icon tf_hide\"><svg  class=\"tf_fa tf-ti-minus\" aria-hidden=\"true\"><use href=\"#tf-ti-minus\"><\/use><\/svg><\/i>                                    <\/a>\n            <\/div><!-- .accordion-title -->\n            <div id=\"acc-5vsu843-0-content\" data-id=\"acc-5vsu843-0\" aria-hidden=\"true\" class=\"accordion-content tf_hide tf_clearfix\">\n                        <div  data-lazy=\"1\" class=\"module_subrow themify_builder_sub_row tf_w col_align_top tb_col_count_1 tb_bc7t843\" itemprop=\"text\">\n                <div  data-lazy=\"1\" class=\"module_column sub_column tb_10vh843 first\">\n                    <!-- module text -->\n<div  class=\"module module-text tb_0uqd843   \" data-lazy=\"1\">\n        <div  class=\"tb_text_wrap\">\n        <div class=\"tb_layout_part_wrap tf_w\"><!--themify_builder_content-->\n    <div  class=\"themify_builder_content themify_builder_content-3965 themify_builder not_editable_builder in_the_loop\" data-postid=\"3965\">\n                        <div  data-lazy=\"1\" class=\"module_row themify_builder_row tb_8ovs387 tf_w\">\n                        <div class=\"row_inner col_align_top tb_col_count_1 tf_box tf_rel\">\n                        <div  data-lazy=\"1\" class=\"module_column tb-column col-full tb_3mkq387 first\">\n                    <!-- module image -->\n<div  class=\"module module-image tb_fx2t387 image-center   tf_mw\" data-lazy=\"1\">\n        <div class=\"image-wrap tf_rel tf_mw\">\n            <a href=\"https:\/\/international.upf.pf\/wp-content\/uploads\/2024\/02\/Partir-en-mobilite-Hors-Europe_-etape-par-etape.png\" class=\"lightbox-builder themify_lightbox\" data-zoom-config=\"95%|95%\">\n                   <img loading=\"lazy\" decoding=\"async\" width=\"1920\" height=\"1080\" src=\"https:\/\/international.upf.pf\/wp-content\/uploads\/2024\/02\/Partir-en-mobilite-Hors-Europe_-etape-par-etape.png\" class=\"wp-post-image wp-image-1232\" title=\"Partir en mobilite\u0301 Hors Europe_ e\u0301tape par e\u0301tape\" alt=\"Partir en mobilite\u0301 Hors Europe_ e\u0301tape par e\u0301tape\" srcset=\"https:\/\/international.upf.pf\/wp-content\/uploads\/2024\/02\/Partir-en-mobilite-Hors-Europe_-etape-par-etape.png 1920w, https:\/\/international.upf.pf\/wp-content\/uploads\/2024\/02\/Partir-en-mobilite-Hors-Europe_-etape-par-etape-300x169.png 300w, https:\/\/international.upf.pf\/wp-content\/uploads\/2024\/02\/Partir-en-mobilite-Hors-Europe_-etape-par-etape-1024x576.png 1024w, https:\/\/international.upf.pf\/wp-content\/uploads\/2024\/02\/Partir-en-mobilite-Hors-Europe_-etape-par-etape-768x432.png 768w, https:\/\/international.upf.pf\/wp-content\/uploads\/2024\/02\/Partir-en-mobilite-Hors-Europe_-etape-par-etape-1536x864.png 1536w\" sizes=\"auto, (max-width: 1920px) 100vw, 1920px\" \/>        <\/a>\n    \n        <\/div>\n    <!-- \/image-wrap -->\n    \n        <\/div>\n<!-- \/module image --><!-- module text -->\n<div  class=\"module module-text tb_eqia215   \" data-lazy=\"1\">\n        <div  class=\"tb_text_wrap\">\n        <p>L&#8217;UPF vous permet de r\u00e9aliser une partie de vos \u00e9tudes \u00e0 l\u2019\u00e9tranger gr\u00e2ce aux conventions de coop\u00e9ration sign\u00e9es avec des universit\u00e9s partenaires.<br \/>Attention, les places sont limit\u00e9es : vous augmenterez vos chances si vous avez un bon dossier universitaire et une forte motivation pour mener \u00e0 bien votre projet de mobilit\u00e9.<\/p><p>Certaines universit\u00e9s d\u2019accueil exigent que vous ayez obtenu <strong>un score suffisant \u00e0 l\u2019examen de langue anglaise TOEFL (Test Of English as a Foreign Language) ou \u00a0IELTS (International English Language Testing System).<\/strong><\/p><p>Pr\u00e9parez-vous-y suffisamment \u00e0 l\u2019avance pour vous inscrire en ligne, passer le test et fournir vos r\u00e9sultats au moment de la remise de votre dossier de candidature.<\/p>    <\/div>\n<\/div>\n<!-- \/module text --><!-- module text -->\n<div  class=\"module module-text tb_k3wj779   \" data-lazy=\"1\">\n        <div  class=\"tb_text_wrap\">\n        <h3>AVANTAGES DE LA MOBILIT\u00c9<\/h3><p>Participer \u00e0 un programme d\u2019\u00e9changes international ou europ\u00e9en (Erasmus+) mis en place par l\u2019UPF vous permet d\u2019acc\u00e9der \u00e0 un certain nombre d\u2019avantages et de facilit\u00e9s.<\/p><p><strong>Dans l\u2019universit\u00e9 d\u2019accueil<\/strong><\/p><p>Vous b\u00e9n\u00e9ficiez :<\/p><ul><li>d\u2019une exon\u00e9ration des droits d\u2019inscription pour un ou deux semestres ;<\/li><li>de l\u2019acc\u00e8s aux cours dans un programme d\u2019\u00e9tudes (4 \u00e0 5 mati\u00e8res par semestre pour une mobilit\u00e9 internationale) ;<\/li><li>d\u2019une possibilit\u00e9 de logement en r\u00e9sidence universitaire ;<\/li><li>des m\u00eames droits que les \u00e9tudiants inscrits \u00e0 temps plein dans l\u2019universit\u00e9 d\u2019accueil.<\/li><\/ul>    <\/div>\n<\/div>\n<!-- \/module text --><!-- module text -->\n<div  class=\"module module-text tb_2g5u110   \" data-lazy=\"1\">\n        <div  class=\"tb_text_wrap\">\n        <h3><strong>A l\u2019UPF<\/strong><\/h3><p><strong>Vous :<\/strong><\/p><ul><li>vous acquittez des frais de scolarit\u00e9 habituels \u00e0 l\u2019UPF o\u00f9 vous demeurez inscrit ;<\/li><li>\u00eates assist\u00e9 dans les d\u00e9marches administratives pour votre projet \u00e0 l\u2019\u00e9tranger ;<\/li><li>\u00eates boursier: vous conservez votre bourse dans les m\u00eames conditions que si vous continuiez vos \u00e9tudes sur place ;<\/li><li>obtenez la reconnaissance de la p\u00e9riode d\u2019\u00e9tudes \u00e0 l\u2019\u00e9tranger en cas de r\u00e9ussite aux examens conform\u00e9ment au contrat d\u2019\u00e9tudes pr\u00e9alablement \u00e9tabli avant le d\u00e9part ; le contrat d\u2019\u00e9tudes ECTS reprend la liste des enseignements devant \u00eatre suivis et obtenus \u00e0 l\u2019\u00e9tranger. Il est \u00e9tabli en accord avec l\u2019enseignant responsable de l\u2019\u00e9change.<\/li><\/ul>    <\/div>\n<\/div>\n<!-- \/module text --><!-- module text -->\n<div  class=\"module module-text tb_7bxh594   \" data-lazy=\"1\">\n        <div  class=\"tb_text_wrap\">\n        <h3>D\u00c9MARCHES<\/h3><p>Le service des relations internationales est pr\u00e9sent pour vous accompagner afin que votre projet \u00e0 l\u2019\u00e9tranger se concr\u00e9tise et corresponde \u00e0 vos attentes.<\/p><p>Voici les premi\u00e8res d\u00e9marches \u00e0 suivre\u00a0:<\/p><ul><li>Prenez rendez-vous avec le service des Relations Internationales en envoyant un mail \u00e0 <a href=\"mailto:relations-internationales@upf.pf\">relations-internationales@upf.pf<\/a>\u00a0;<\/li><li>T\u00e9l\u00e9chargez la documentation correspondant \u00e0 votre projet (Erasmus ou mobilit\u00e9 internationale), compl\u00e9tez votre dossier de candidature et \u00e9tablissez une maquette de cours \u00e0 suivre dans l\u2019universit\u00e9 d\u2019accueil choisie (vous trouverez les enseignements propos\u00e9s par les universit\u00e9s sur leur site internet) ;<\/li><li>R\u00e9digez une lettre de motivation en fran\u00e7ais (\u00e0 joindre \u00e0 votre dossier de candidature) et une en anglais ou en espagnol selon la langue parl\u00e9e dans votre pays d\u2019accueil (\u00e0 l\u2019attention de votre responsable p\u00e9dagogique)\u00a0;<\/li><li>Prenez-rendez-vous avec votre responsable p\u00e9dagogique afin qu\u2019il approuve votre projet et valide ou ajuste votre maquette de cours ;<\/li><\/ul><p>D\u00e9posez aupr\u00e8s des Relations Internationales votre dossier de candidature compl\u00e9t\u00e9 et accompagn\u00e9 des documents demand\u00e9s.<\/p>    <\/div>\n<\/div>\n<!-- \/module text --><!-- module text -->\n<div  class=\"module module-text tb_93p2553   \" data-lazy=\"1\">\n        <div  class=\"tb_text_wrap\">\n        <h3>DATES LIMITES DE D\u00c9P\u00d4TS DES CANDIDATURES<\/h3><p><strong>P<span style=\"text-decoration: underline;\">rogramme de mobilit\u00e9 internationale\u00a0:\u00a0<\/span><\/strong><\/p><ul><li><strong>31 janvier<\/strong> pour un d\u00e9part au premier semestre\u00a0\u00a0(sauf pour l&#8217;Universit\u00e9 de Hawai\u02bbi at M\u0101noa\u00a0 : 15 janvier)<\/li><li><strong>30 septembre<\/strong> pour un d\u00e9part au second semestre\u00a0(sauf pour l&#8217;Universit\u00e9 de Hawai\u02bbi at M\u0101noa\u00a0 :\u00a015 ao\u00fbt)<\/li><\/ul>    <\/div>\n<\/div>\n<!-- \/module text --><!-- module text -->\n<div  class=\"module module-text tb_fort993   \" data-lazy=\"1\">\n        <div  class=\"tb_text_wrap\">\n        <h3>FORMALIT\u00c9S \u00c0 ACCOMPLIR AVANT LE D\u00c9PART<\/h3><ul><li>Quelle que soit la dur\u00e9e de votre s\u00e9jour d\u2019\u00e9tudes \u00e0 l\u2019\u00e9tranger (2 semestres maximum), vous devrez vous inscrire \u00e0 l\u2019UPF avant votre d\u00e9part pour la pr\u00e9paration du dipl\u00f4me qui sera effectu\u00e9 en partie ou en totalit\u00e9 \u00e0 l\u2019\u00e9tranger.<\/li><li>Vous paierez les droits d\u2019inscription \u00e0 l\u2019UPF et effectuerez une inscription sans frais \u00e0 l\u2019universit\u00e9 d\u2019accueil.<br \/>En fonction du pays d\u2019accueil et de la dur\u00e9e du s\u00e9jour \u00e0 l\u2019\u00e9tranger, il vous sera n\u00e9cessaire d\u2019obtenir un visa \u00e9tudiant. Les d\u00e9marches devront \u00eatre effectu\u00e9es d\u00e8s r\u00e9ception du dossier d\u2019admission de l\u2019\u00e9tablissement d\u2019accueil.<br \/>Vous serez \u00e9galement tenus de souscrire \u00e0 une assurance pour le voyage et d\u2019avoir une couverture sant\u00e9 pour la dur\u00e9e de leur s\u00e9jour \u00e0 l\u2019\u00e9tranger.<\/li><\/ul>    <\/div>\n<\/div>\n<!-- \/module text -->        <div  data-lazy=\"1\" class=\"module_subrow themify_builder_sub_row tf_w col_align_top tb_col_count_1 tb_rmc2403\">\n                <div  data-lazy=\"1\" class=\"module_column sub_column col-full tb_khn8403 first\">\n                    <!-- module buttons -->\n<div  class=\"module module-buttons tb_3amz403 buttons-horizontal solid  \" data-lazy=\"1\">\n        <div class=\"module-buttons-item tf_in_flx\">\n                        <a href=\"https:\/\/international.upf.pf\/wp-content\/uploads\/2024\/02\/Guide-de-procedure-pour-preparer-sa-mobilite-hors-Europe.pdf\" class=\"ui builder_button tf_in_flx tb_default_color\" >\n                                    <em><svg  class=\"tf_fa tf-far-file-pdf\" aria-hidden=\"true\"><use href=\"#tf-far-file-pdf\"><\/use><\/svg><\/em>                                        Guide de proce\u0301dure pour pre\u0301parer sa mobilite\u0301 hors Europe                                        <\/a>\n                <\/div>\n            <\/div>\n<!-- \/module buttons -->\n        <\/div>\n                    <\/div>\n                <div  data-lazy=\"1\" class=\"module_subrow themify_builder_sub_row tf_w col_align_top tb_col_count_1 tb_0mla401\">\n                <div  data-lazy=\"1\" class=\"module_column sub_column col-full tb_x996401 first\">\n                    <!-- module buttons -->\n<div  class=\"module module-buttons tb_w7zu402 buttons-horizontal solid  \" data-lazy=\"1\">\n        <div class=\"module-buttons-item tf_in_flx\">\n                        <a href=\"https:\/\/international.upf.pf\/wp-content\/uploads\/2024\/02\/Contrat-etudiant.pdf\" class=\"ui builder_button tf_in_flx tb_default_color\" >\n                                    <em><svg  class=\"tf_fa tf-far-file-pdf\" aria-hidden=\"true\"><use href=\"#tf-far-file-pdf\"><\/use><\/svg><\/em>                                        Contrat e\u0301tudiant                                        <\/a>\n                <\/div>\n            <\/div>\n<!-- \/module buttons -->\n        <\/div>\n                    <\/div>\n                <div  data-lazy=\"1\" class=\"module_subrow themify_builder_sub_row tf_w col_align_top tb_col_count_1 tb_nnow390\">\n                <div  data-lazy=\"1\" class=\"module_column sub_column col-full tb_f7z2390 first\">\n                    <!-- module buttons -->\n<div  class=\"module module-buttons tb_g7pf391 buttons-horizontal solid  \" data-lazy=\"1\">\n        <div class=\"module-buttons-item tf_in_flx\">\n                        <a href=\"https:\/\/international.upf.pf\/wp-content\/uploads\/2024\/02\/Contrat-d_etudes.pdf\" class=\"ui builder_button tf_in_flx tb_default_color\" >\n                                    <em><svg  class=\"tf_fa tf-far-file-pdf\" aria-hidden=\"true\"><use href=\"#tf-far-file-pdf\"><\/use><\/svg><\/em>                                        Contrat d'e\u0301tudes                                        <\/a>\n                <\/div>\n            <\/div>\n<!-- \/module buttons -->\n        <\/div>\n                    <\/div>\n                <div  data-lazy=\"1\" class=\"module_subrow themify_builder_sub_row tf_w col_align_top tb_col_count_1 tb_6g6s402\">\n                <div  data-lazy=\"1\" class=\"module_column sub_column col-full tb_qug3402 first\">\n                    <!-- module buttons -->\n<div  class=\"module module-buttons tb_x4c0403 buttons-horizontal solid  \" data-lazy=\"1\">\n        <div class=\"module-buttons-item tf_in_flx\">\n                        <a href=\"https:\/\/international.upf.pf\/wp-content\/uploads\/2024\/02\/Copy-of-Tableau-des-equivalences.xlsx\" class=\"ui builder_button tf_in_flx tb_default_color\" >\n                                    <em><svg  class=\"tf_fa tf-far-file-pdf\" aria-hidden=\"true\"><use href=\"#tf-far-file-pdf\"><\/use><\/svg><\/em>                                        Tableau des e\u0301quivalences                                        <\/a>\n                <\/div>\n            <\/div>\n<!-- \/module buttons -->\n        <\/div>\n                    <\/div>\n                <\/div>\n                        <\/div>\n        <\/div>\n            <\/div>\n<!--\/themify_builder_content--><\/div>\n    <\/div>\n<\/div>\n<!-- \/module text --><!-- module accordion -->\n<div  class=\"module module-accordion tb_o7qk843 \" data-behavior=\"toggle\" data-lazy=\"1\">\n    \n    <ul class=\"ui module-accordion   transparent\">\n            <li>\n            <div class=\"accordion-title tf_rel\">\n                <a href=\"#acc-o7qk843-0\" class=\"tb_title_accordion\" aria-controls=\"acc-o7qk843-0-content\" aria-expanded=\"false\">\n                    <i class=\"accordion-icon\"><svg  class=\"tf_fa tf-ti-plus\" aria-hidden=\"true\"><use href=\"#tf-ti-plus\"><\/use><\/svg><\/i>                    <i class=\"accordion-active-icon tf_hide\"><svg  class=\"tf_fa tf-ti-minus\" aria-hidden=\"true\"><use href=\"#tf-ti-minus\"><\/use><\/svg><\/i>                    DATES LIMITES DE D\u00c9P\u00d4T DES CANDIDATURES                <\/a>\n            <\/div><!-- .accordion-title -->\n            <div id=\"acc-o7qk843-0-content\" data-id=\"acc-o7qk843-0\" aria-hidden=\"true\" class=\"accordion-content tf_hide tf_clearfix\">\n                        <div  data-lazy=\"1\" class=\"module_subrow themify_builder_sub_row tf_w col_align_top tb_col_count_1 tb_aj1h843\" itemprop=\"text\">\n                <div  data-lazy=\"1\" class=\"module_column sub_column tb_9js4843 first\">\n                    <!-- module text -->\n<div  class=\"module module-text tb_3jbk843   \" data-lazy=\"1\">\n        <div  class=\"tb_text_wrap\">\n        <h3>AVANTAGES ET FACILIT\u00c9S DE LA MOBILIT\u00c9<\/h3>\n<p>Participer \u00e0 un programme d\u2019\u00e9changes international ou europ\u00e9en (Erasmus+) mis en place par l\u2019UPF vous permet d\u2019acc\u00e9der \u00e0 un certain nombre d\u2019avantages et de facilit\u00e9s.<\/p>    <\/div>\n<\/div>\n<!-- \/module text -->        <div  data-lazy=\"1\" class=\"module_subrow themify_builder_sub_row tf_w col_align_top tb_col_count_2 tb_lgk5843\">\n                <div  data-lazy=\"1\" class=\"module_column sub_column col4-2 tb_8ajc843 first\">\n                    <!-- module text -->\n<div  class=\"module module-text tb_tupt843   \" data-lazy=\"1\">\n        <div  class=\"tb_text_wrap\">\n        <h3><strong style=\"background-color: initial; font-size: 20px;\">Dans l\u2019universit\u00e9 d\u2019accueil<\/strong><br><\/h3>\n<p>Vous b\u00e9n\u00e9ficiez :<\/p>\n<ul>\n<li>d\u2019une exon\u00e9ration des droits d\u2019inscription pour un ou deux semestres ;<\/li>\n<li>de l\u2019acc\u00e8s aux cours dans un programme d\u2019\u00e9tudes (4 \u00e0 5 mati\u00e8res par semestre pour une mobilit\u00e9 internationale) ;<\/li>\n<li>d\u2019une possibilit\u00e9 de logement en r\u00e9sidence universitaire ;<\/li>\n<li>des m\u00eames droits que les \u00e9tudiants inscrits \u00e0 temps plein dans l\u2019universit\u00e9 d\u2019accueil.<\/li>\n<\/ul>\n<p><br><\/p><ul>\n<\/ul>\n    <\/div>\n<\/div>\n<!-- \/module text -->        <\/div>\n                    <div  data-lazy=\"1\" class=\"module_column sub_column col4-2 tb_bw08843 last\">\n                    <!-- module text -->\n<div  class=\"module module-text tb_yq7d843   \" data-lazy=\"1\">\n        <div  class=\"tb_text_wrap\">\n        <h3><strong style=\"background-color: initial; font-size: 20px;\">A l\u2019UPF<\/strong><br><\/h3>\n<p>Vous :<\/p>\n<ul>\n<li>vous acquittez des frais de scolarit\u00e9 habituels \u00e0 l\u2019UPF o\u00f9 vous demeurez inscrit ;<\/li>\n<li>\u00eates assist\u00e9 dans les d\u00e9marches administratives pour votre projet \u00e0 l\u2019\u00e9tranger ;<\/li>\n<li>\u00eates boursier: vous conservez votre bourse dans les m\u00eames conditions que si vous continuiez vos \u00e9tudes sur place ;<\/li>\n<li>obtenez la reconnaissance de la p\u00e9riode d\u2019\u00e9tudes \u00e0 l\u2019\u00e9tranger en cas de r\u00e9ussite aux examens conform\u00e9ment au contrat d\u2019\u00e9tudes pr\u00e9alablement \u00e9tabli avant le d\u00e9part ; le contrat d\u2019\u00e9tudes ECTS reprend la liste des enseignements devant \u00eatre suivis et obtenus \u00e0 l\u2019\u00e9tranger. Il est \u00e9tabli en accord avec l\u2019enseignant responsable de l\u2019\u00e9change.<\/li>\n<\/ul>\n    <\/div>\n<\/div>\n<!-- \/module text -->        <\/div>\n                    <\/div>\n                <\/div>\n                    <\/div>\n                    <\/div><!-- .accordion-content -->\n        <\/li>\n            <li>\n            <div class=\"accordion-title tf_rel\">\n                <a href=\"#acc-o7qk843-1\" class=\"tb_title_accordion\" aria-controls=\"acc-o7qk843-1-content\" aria-expanded=\"false\">\n                    <i class=\"accordion-icon\"><svg  class=\"tf_fa tf-ti-plus\" aria-hidden=\"true\"><use href=\"#tf-ti-plus\"><\/use><\/svg><\/i>                    <i class=\"accordion-active-icon tf_hide\"><svg  class=\"tf_fa tf-ti-minus\" aria-hidden=\"true\"><use href=\"#tf-ti-minus\"><\/use><\/svg><\/i>                    D\u00e9marches                <\/a>\n            <\/div><!-- .accordion-title -->\n            <div id=\"acc-o7qk843-1-content\" data-id=\"acc-o7qk843-1\" aria-hidden=\"true\" class=\"accordion-content tf_hide tf_clearfix\">\n                        <div  data-lazy=\"1\" class=\"module_subrow themify_builder_sub_row tf_w col_align_top tb_col_count_1 tb_f2mn843\" itemprop=\"text\">\n                <div  data-lazy=\"1\" class=\"module_column sub_column tb_i430843 first\">\n                    <!-- module text -->\n<div  class=\"module module-text tb_da9p843   \" data-lazy=\"1\">\n        <div  class=\"tb_text_wrap\">\n        <p>Le service des relations internationales est pr\u00e9sent pour vous accompagner afin que votre projet \u00e0 l\u2019\u00e9tranger se concr\u00e9tise et corresponde \u00e0 vos attentes.<br>Voici les premi\u00e8res d\u00e9marches \u00e0 suivre :<\/p>\n<ul>\n<li>Prenez rendez-vous avec le service des Relations Internationales en envoyant un mail \u00e0 <a href=\"mailto:relations-internationales@upf.pf\">relations-internationales@upf.pf<\/a> ;<\/li>\n<li>T\u00e9l\u00e9chargez la documentation correspondant \u00e0 votre projet (Erasmus ou mobilit\u00e9 internationale), compl\u00e9tez votre dossier de candidature et \u00e9tablissez une maquette de cours \u00e0 suivre dans l\u2019universit\u00e9 d\u2019accueil choisie (vous trouverez les enseignements propos\u00e9s par les universit\u00e9s sur leur site internet) ;<\/li>\n<li>R\u00e9digez une lettre de motivation en fran\u00e7ais (\u00e0 joindre \u00e0 votre dossier de candidature) et une en anglais ou en espagnol selon la langue parl\u00e9e dans votre pays d\u2019accueil (\u00e0 l\u2019attention de votre responsable p\u00e9dagogique) ;<\/li>\n<li>Prenez-rendez-vous avec votre responsable p\u00e9dagogique afin qu\u2019il approuve votre projet et valide ou ajuste votre maquette de cours ;<\/li>\n<\/ul>\n<p>D\u00e9posez aupr\u00e8s des Relations Internationales votre dossier de candidature compl\u00e9t\u00e9 et accompagn\u00e9 des documents demand\u00e9s.<\/p>    <\/div>\n<\/div>\n<!-- \/module text -->        <\/div>\n                    <\/div>\n                    <\/div><!-- .accordion-content -->\n        <\/li>\n            <li>\n            <div class=\"accordion-title tf_rel\">\n                <a href=\"#acc-o7qk843-2\" class=\"tb_title_accordion\" aria-controls=\"acc-o7qk843-2-content\" aria-expanded=\"false\">\n                    <i class=\"accordion-icon\"><svg  class=\"tf_fa tf-ti-plus\" aria-hidden=\"true\"><use href=\"#tf-ti-plus\"><\/use><\/svg><\/i>                    <i class=\"accordion-active-icon tf_hide\"><svg  class=\"tf_fa tf-ti-minus\" aria-hidden=\"true\"><use href=\"#tf-ti-minus\"><\/use><\/svg><\/i>                    DATES LIMITES DE D\u00c9P\u00d4T DES CANDIDATURES                <\/a>\n            <\/div><!-- .accordion-title -->\n            <div id=\"acc-o7qk843-2-content\" data-id=\"acc-o7qk843-2\" aria-hidden=\"true\" class=\"accordion-content tf_hide tf_clearfix\">\n                        <div  data-lazy=\"1\" class=\"module_subrow themify_builder_sub_row tf_w col_align_top tb_col_count_1 tb_ephy843\" itemprop=\"text\">\n                <div  data-lazy=\"1\" class=\"module_column sub_column tb_qb4g843 first\">\n                    <!-- module text -->\n<div  class=\"module module-text tb_4lmq843   \" data-lazy=\"1\">\n        <div  class=\"tb_text_wrap\">\n        <p><span style=\"text-decoration: underline;\">Programme de mobilit\u00e9 internationale :<\/span><\/p>\n<ul>\n<li>31 janvier pour un d\u00e9part au premier semestre (sauf pour l&#8217;Universit\u00e9 de Hawai\u02bbi at M\u0101noa : 15 janvier)<\/li>\n<li>30 septembre pour un d\u00e9part au second semestre<br>(sauf pour l&#8217;Universit\u00e9 de Hawai\u02bbi at M\u0101noa : 15 ao\u00fbt)<\/li>\n<\/ul>\n<p><span style=\"text-decoration: underline;\">Programme d\u2019\u00e9change Erasmus+ :<\/span><\/p>\n<ul>\n<li>31 mars pour un d\u00e9part au premier semestre<\/li>\n<li>30 octobre pour un d\u00e9part au second semestre<\/li>\n<\/ul>    <\/div>\n<\/div>\n<!-- \/module text -->        <\/div>\n                    <\/div>\n                    <\/div><!-- .accordion-content -->\n        <\/li>\n            <li>\n            <div class=\"accordion-title tf_rel\">\n                <a href=\"#acc-o7qk843-3\" class=\"tb_title_accordion\" aria-controls=\"acc-o7qk843-3-content\" aria-expanded=\"false\">\n                    <i class=\"accordion-icon\"><svg  class=\"tf_fa tf-ti-plus\" aria-hidden=\"true\"><use href=\"#tf-ti-plus\"><\/use><\/svg><\/i>                    <i class=\"accordion-active-icon tf_hide\"><svg  class=\"tf_fa tf-ti-minus\" aria-hidden=\"true\"><use href=\"#tf-ti-minus\"><\/use><\/svg><\/i>                    FORMALIT\u00c9S A ACCOMPLIR AVANT LE D\u00c9PART                <\/a>\n            <\/div><!-- .accordion-title -->\n            <div id=\"acc-o7qk843-3-content\" data-id=\"acc-o7qk843-3\" aria-hidden=\"true\" class=\"accordion-content tf_hide tf_clearfix\">\n                        <div  data-lazy=\"1\" class=\"module_subrow themify_builder_sub_row tf_w col_align_top tb_col_count_1 tb_7s2f843\" itemprop=\"text\">\n                <div  data-lazy=\"1\" class=\"module_column sub_column tb_6io3843 first\">\n                    <!-- module text -->\n<div  class=\"module module-text tb_irxw843   \" data-lazy=\"1\">\n        <div  class=\"tb_text_wrap\">\n        <p><span style=\"background-color: initial; color: inherit; font-size: 20px; font-weight: 300;\">Quelle que soit la dur\u00e9e de votre s\u00e9jour d\u2019\u00e9tudes \u00e0 l\u2019\u00e9tranger (2 semestres maximum), vous devrez vous inscrire \u00e0 l\u2019UPF avant votre d\u00e9part pour la pr\u00e9paration du dipl\u00f4me qui sera effectu\u00e9 en partie ou en totalit\u00e9 \u00e0 l\u2019\u00e9tranger.<\/span><\/p>\n<p>Vous paierez les droits d\u2019inscription \u00e0 l\u2019UPF et effectuerez une inscription sans frais \u00e0 l\u2019universit\u00e9 d\u2019accueil.<br>\nEn fonction du pays d\u2019accueil et de la dur\u00e9e du s\u00e9jour \u00e0 l\u2019\u00e9tranger, il vous sera n\u00e9cessaire d\u2019obtenir un visa \u00e9tudiant. Les d\u00e9marches devront \u00eatre effectu\u00e9es d\u00e8s r\u00e9ception du dossier d\u2019admission de l\u2019\u00e9tablissement d\u2019accueil.<\/p>\n<p>Vous serez \u00e9galement tenus de souscrire \u00e0 une assurance pour le voyage et d\u2019avoir une couverture sant\u00e9 pour la dur\u00e9e de leur s\u00e9jour \u00e0 l\u2019\u00e9tranger.<\/p>\n    <\/div>\n<\/div>\n<!-- \/module text -->        <\/div>\n                    <\/div>\n                    <\/div><!-- .accordion-content -->\n        <\/li>\n        <\/ul>\n\n<\/div><!-- \/module accordion -->        <\/div>\n                    <\/div>\n                    <\/div><!-- .accordion-content -->\n        <\/li>\n        <\/ul>\n\n<\/div><!-- \/module accordion -->        <\/div>\n                        <\/div>\n        <\/div>\n                        <div  data-lazy=\"1\" class=\"module_row themify_builder_row tb_zmks305 tf_w hide-mobile\">\n                        <div class=\"row_inner col_align_top tb_col_count_1 tf_box tf_rel\">\n                        <div  data-lazy=\"1\" class=\"module_column tb-column col-full tb_ajnq305 first\">\n                    <!-- module tab -->\n<div  id=\"tb_fynj305\" class=\"module ui module-tab tb_fynj305 minimal  tb_default_color \" data-lazy=\"1\">\n        <div class=\"tab-nav-current-active tf_hide\">\n\t\t<span class=\"tab_burger_icon_wrap\">\n\t        <span class=\"tab_burger_icon tf_rel\"><\/span>\n\t\t<\/span>\n        <span class=\"tb_activetab_title\">\n            <span class=\"tb_tab_title\">ELIGIBILITY CRITERIA<\/span>\n                    <\/span>\n    <\/div>\n    <ul class=\"tab-nav tf_clearfix tf_scrollbar\">\n                <li class=\"current\" aria-expanded=\"true\">\n            <a href=\"#tab-tb_fynj305-0\">\n                                <span class=\"tb_tab_title\">ELIGIBILITY CRITERIA<\/span>                                            <\/a>\n        <\/li>\n                <li aria-expanded=\"false\">\n            <a href=\"#tab-tb_fynj305-1\">\n                                <span class=\"tb_tab_title\">Procedure<\/span>                                            <\/a>\n        <\/li>\n                <li aria-expanded=\"false\">\n            <a href=\"#tab-tb_fynj305-2\">\n                                <span class=\"tb_tab_title\">Deadlines<\/span>                                            <\/a>\n        <\/li>\n                <li aria-expanded=\"false\">\n            <a href=\"#tab-tb_fynj305-3\">\n                                <span class=\"tb_tab_title\">Administrative Requirements<\/span>                                            <\/a>\n        <\/li>\n                <li aria-expanded=\"false\">\n            <a href=\"#tab-tb_fynj305-4\">\n                                <span class=\"tb_tab_title\">academic recognition<\/span>                                            <\/a>\n        <\/li>\n            <\/ul>\n            <div data-id=\"tab-tb_fynj305-0\" class=\"tab-content tf_clear\" aria-hidden=\"false\">\n                    <div  data-lazy=\"1\" class=\"module_subrow themify_builder_sub_row tf_w col_align_top tb_col_count_1 tb_m9z2305\">\n                <div  data-lazy=\"1\" class=\"module_column sub_column tb_iwty305 first\">\n                    <!-- module text -->\n<div  class=\"module module-text tb_fhox305   \" data-lazy=\"1\">\n        <div  class=\"tb_text_wrap\">\n        <p data-start=\"128\" data-end=\"229\"><strong data-start=\"128\" data-end=\"227\">To be eligible to apply for an exchange program, students must meet the following requirements:<\/strong><\/p>\n<ul data-start=\"231\" data-end=\"716\">\n<li data-start=\"231\" data-end=\"285\">\n<p data-start=\"233\" data-end=\"285\">Be enrolled at the University of French Polynesia;<\/p>\n<\/li>\n<li data-start=\"286\" data-end=\"341\">\n<p data-start=\"288\" data-end=\"341\">Have successfully validated all previous semesters;<\/p>\n<\/li>\n<li data-start=\"342\" data-end=\"425\">\n<p data-start=\"344\" data-end=\"425\">Be in at least the second year of a Bachelor\u2019s degree at the time of departure;<\/p>\n<\/li>\n<li data-start=\"426\" data-end=\"597\">\n<p data-start=\"428\" data-end=\"597\">Demonstrate sufficient language proficiency in the host country (minimum B1 level recommended, though higher proficiency may be required depending on the institution);<\/p>\n<\/li>\n<li data-start=\"598\" data-end=\"657\">\n<p data-start=\"600\" data-end=\"657\">Present a coherent and well-motivated mobility project;<\/p>\n<\/li>\n<li data-start=\"658\" data-end=\"716\">\n<p data-start=\"660\" data-end=\"716\">Be capable of working and living independently abroad.<\/p>\n<\/li>\n<\/ul>\n<p data-start=\"718\" data-end=\"874\"><em data-start=\"721\" data-end=\"872\"><span style=\"font-weight: bold;\">Please note:<\/span> some partner universities require applicants to have completed at least one full year of a Bachelor\u2019s degree at the time of application.<\/em><\/p>    <\/div>\n<\/div>\n<!-- \/module text -->        <\/div>\n                    <\/div>\n                <\/div>\n            <div data-id=\"tab-tb_fynj305-1\" class=\"tab-content tf_clear\" aria-hidden=\"true\">\n                    <div  data-lazy=\"1\" class=\"module_subrow themify_builder_sub_row tf_w col_align_top tb_col_count_2 tb_5twd305\">\n                <div  data-lazy=\"1\" class=\"module_column sub_column col4-2 tb_439f305 first\">\n                    <!-- module text -->\n<div  class=\"module module-text tb_xlvy305   \" data-lazy=\"1\">\n        <div  class=\"tb_text_wrap\">\n        <p data-start=\"71\" data-end=\"98\"><strong data-start=\"71\" data-end=\"96\">Application Procedure<\/strong><\/p>\n<ol data-start=\"100\" data-end=\"984\">\n<li data-start=\"100\" data-end=\"314\">\n<p data-start=\"103\" data-end=\"314\"><strong data-start=\"103\" data-end=\"170\">Schedule an appointment with the International Relations Office<\/strong><br data-start=\"170\" data-end=\"173\">Contact us to discuss your mobility project, explore potential destinations, and gain a better understanding of the application process.<\/p>\n<\/li>\n<li data-start=\"316\" data-end=\"525\">\n<p data-start=\"319\" data-end=\"525\"><strong data-start=\"319\" data-end=\"390\">Complete the application form and draft your provisional study plan<\/strong><br data-start=\"390\" data-end=\"393\">Prepare a proposed course schedule based on the academic offer of partner universities, available on their respective websites.<\/p>\n<\/li>\n<li data-start=\"527\" data-end=\"693\">\n<p data-start=\"530\" data-end=\"693\"><strong data-start=\"530\" data-end=\"565\">Meet with your academic advisor<\/strong><br data-start=\"565\" data-end=\"568\">Present your mobility project to your advisor, who will review and either approve or adjust your provisional study plan.<\/p>\n<\/li>\n<li data-start=\"695\" data-end=\"984\">\n<p data-start=\"698\" data-end=\"984\"><strong data-start=\"698\" data-end=\"748\">Submit your complete application file by email<\/strong><br data-start=\"748\" data-end=\"751\">Send all required documents and attachments by email to the International Relations Office before the application deadline. Your file will then be jointly reviewed by your academic advisor and the International Relations Office.<\/p>\n<\/li>\n<\/ol>\n<p data-start=\"986\" data-end=\"1129\">In the <em data-start=\"996\" data-end=\"1022\">\u201cForms and Useful Links\u201d<\/em> section, you will find a detailed application guide as well as all the necessary downloadable documents.<\/p>    <\/div>\n<\/div>\n<!-- \/module text -->        <\/div>\n                    <div  data-lazy=\"1\" class=\"module_column sub_column col4-2 tb_wdk2967 last\">\n                            <div  data-lazy=\"1\" class=\"module_subrow themify_builder_sub_row tf_w col_align_top tb_col_count_1 tb_xds6967\">\n                <div  data-lazy=\"1\" class=\"module_column sub_column col-full tb_s1h7967 first\">\n                    <!-- module template_part -->\n<div  class=\"module module-layout-part tb_7qtl967 \">\n    <div class=\"tb_layout_part_wrap tf_w\"><!--themify_builder_content-->\n    <div  class=\"themify_builder_content themify_builder_content-3929 themify_builder not_editable_builder in_the_loop\" data-postid=\"3929\">\n                        <div  data-lazy=\"1\" class=\"module_row themify_builder_row tb_p1hc005 tf_w\">\n                        <div class=\"row_inner col_align_top tb_col_count_1 tf_box tf_rel\">\n                        <div  data-lazy=\"1\" class=\"module_column tb-column col-full tb_cix9444 first\">\n                    <!-- module text -->\n<div  class=\"module module-text tb_hb01757   \" data-lazy=\"1\">\n        <div  class=\"tb_text_wrap\">\n        <p>Useful forms and links<\/p>    <\/div>\n<\/div>\n<!-- \/module text -->        <\/div>\n                        <\/div>\n        <\/div>\n            <\/div>\n<!--\/themify_builder_content--><\/div>\n<\/div>\n<!-- \/module template_part --><!-- module buttons -->\n<div  class=\"module module-buttons tb_kq84967 buttons-horizontal transparent   buttons-fullwidth\" data-lazy=\"1\">\n        <div class=\"module-buttons-item tf_in_flx\">\n                        <a href=\"https:\/\/www.canva.com\/design\/DAGKA0ddU4g\/N-DpHTSlai1QQJDO3VrYwQ\/view?utm_content=DAGKA0ddU4g&#038;utm_campaign=designshare&#038;utm_medium=link&#038;utm_source=editor\" class=\"ui builder_button tf_in_flx transparent\" >\n                                                Guide de candidature                                        <\/a>\n                <\/div>\n            <\/div>\n<!-- \/module buttons -->\n<!-- module buttons -->\n<div  class=\"module module-buttons tb_m47h967 buttons-horizontal solid   buttons-fullwidth\" data-lazy=\"1\">\n        <div class=\"module-buttons-item tf_in_flx\">\n                        <a href=\"https:\/\/international.upf.pf\/wp-content\/uploads\/2025\/09\/Formulaire-de-candidature-Programme-dechange-international_MAJ-27022025.pdf\" class=\"ui builder_button tf_in_flx transparent\" >\n                                                Formulaire de candidature                                        <\/a>\n                <\/div>\n            <\/div>\n<!-- \/module buttons -->\n<!-- module buttons -->\n<div  class=\"module module-buttons tb_6b65967 buttons-horizontal solid   buttons-fullwidth\" data-lazy=\"1\">\n        <div class=\"module-buttons-item tf_in_flx\">\n                        <a href=\"https:\/\/www.canva.com\/design\/DAGAu3Jo_XQ\/CfbEc1EoLkGpabKb4pJqag\/view?utm_content=DAGAu3Jo_XQ&#038;utm_campaign=designshare&#038;utm_medium=link&#038;utm_source=editor\" class=\"ui builder_button tf_in_flx transparent\" >\n                                                Plan d'\u00e9tudes provisoire                                        <\/a>\n                <\/div>\n            <\/div>\n<!-- \/module buttons -->\n<!-- module buttons -->\n<div  class=\"module module-buttons tb_q9dt967 buttons-horizontal solid   buttons-fullwidth\" data-lazy=\"1\">\n        <div class=\"module-buttons-item tf_in_flx\">\n                        <a href=\"https:\/\/international.upf.pf\/wp-content\/uploads\/2025\/09\/Responsabilites-admi-pedag-2025-2026.pdf\" class=\"ui builder_button tf_in_flx transparent\" >\n                                                Liste des responsables p\u00e9dagogiques 2025-2026                                        <\/a>\n                <\/div>\n            <\/div>\n<!-- \/module buttons -->\n        <\/div>\n                    <\/div>\n                <\/div>\n                    <\/div>\n                <\/div>\n            <div data-id=\"tab-tb_fynj305-2\" class=\"tab-content tf_clear\" aria-hidden=\"true\">\n                    <div  data-lazy=\"1\" class=\"module_subrow themify_builder_sub_row tf_w col_align_top tb_col_count_1 tb_avvg305\">\n                <div  data-lazy=\"1\" class=\"module_column sub_column col-full tb_q6wy305 first\">\n                    <!-- module text -->\n<div  class=\"module module-text tb_h92x305   \" data-lazy=\"1\">\n        <div  class=\"tb_text_wrap\">\n        <p>The application file must be submitted no later than <span style=\"font-weight: bold; color: #1a9001;\">March 31 (inclusive<\/span>) for <span style=\"font-weight: bold;\">departures in the first semester<\/span>, and <span style=\"font-weight: bold; color: #1a9001;\">September 30 (inclusive)<\/span> for <span style=\"font-weight: bold;\">departures in the second semester.<\/span><\/p>    <\/div>\n<\/div>\n<!-- \/module text -->        <\/div>\n                    <\/div>\n                <\/div>\n            <div data-id=\"tab-tb_fynj305-3\" class=\"tab-content tf_clear\" aria-hidden=\"true\">\n                    <div  data-lazy=\"1\" class=\"module_subrow themify_builder_sub_row tf_w col_align_top tb_col_count_2 tb_1li6711\">\n                <div  data-lazy=\"1\" class=\"module_column sub_column col4-2 tb_nuvh711 first\">\n                    <!-- module text -->\n<div  class=\"module module-text tb_gpmd711   \" data-lazy=\"1\">\n        <div  class=\"tb_text_wrap\">\n        <p><span style=\"background-color: initial; color: inherit;\">Regardless of the duration of your study mobility (maximum of two semesters), <span style=\"font-weight: bold;\">you must remain enrolled at the University of French Polynesia (UPF).<\/span> Your enrollment at UPF is essential for the validation of your degree, even if part of it is completed at a partner university. You will only be required to pay tuition fees at UPF. The host university will register you without additional tuition costs.<\/span><\/p>\n<div>\n<p data-start=\"546\" data-end=\"839\">If you are a French national going to a country within the Schengen Area, you generally do not need a student visa. However, some countries require a visa for any stay exceeding three months. It is therefore essential to check the specific requirements of your host country before departure.<\/p>\n<p data-start=\"841\" data-end=\"1051\">Before leaving, you must also take out travel insurance and ensure that you have valid health coverage for the entire duration of your stay abroad. An ERASMUS+ mobility kit is available upon request by email.<\/p>\n<\/div>    <\/div>\n<\/div>\n<!-- \/module text -->        <\/div>\n                    <div  data-lazy=\"1\" class=\"module_column sub_column col4-2 tb_6ize67 last\">\n                            <div  data-lazy=\"1\" class=\"module_subrow themify_builder_sub_row tf_w col_align_top tb_col_count_1 tb_0cq467\">\n                <div  data-lazy=\"1\" class=\"module_column sub_column col-full tb_nlw967 first\">\n                    <!-- module text -->\n<div  class=\"module module-text tb_r17267   \" data-lazy=\"1\">\n        <div  class=\"tb_text_wrap\">\n        <p>DOCUMENTS<\/p>    <\/div>\n<\/div>\n<!-- \/module text --><!-- module buttons -->\n<div  class=\"module module-buttons tb_owx567 buttons-horizontal transparent  small buttons-fullwidth\" data-lazy=\"1\">\n        <div class=\"module-buttons-item tf_in_flx\">\n                        <a href=\"https:\/\/www.canva.com\/design\/DAGV2Ck2A4Y\/033qgzqqZVvZox4LWzKtCw\/view?utm_content=DAGV2Ck2A4Y&#038;utm_campaign=designshare&#038;utm_medium=link2&#038;utm_source=uniquelinks&#038;utlId=h5417b76242\" class=\"ui builder_button tf_in_flx tb_default_color\" >\n                                                Guide de proc\u00e9dure pour pr\u00e9parer sa mobilit\u00e9 en Europe                                        <\/a>\n                <\/div>\n            <\/div>\n<!-- \/module buttons -->\n<!-- module buttons -->\n<div  class=\"module module-buttons tb_nad067 buttons-horizontal solid  small buttons-fullwidth\" data-lazy=\"1\">\n        <div class=\"module-buttons-item tf_in_flx\">\n                        <a href=\"https:\/\/international.upf.pf\/wp-content\/uploads\/2025\/02\/Tableau-des-equivalences.xlsx\" class=\"ui builder_button tf_in_flx transparent\" >\n                                                Tableau des \u00e9quivalences                                        <\/a>\n                <\/div>\n            <\/div>\n<!-- \/module buttons -->\n        <\/div>\n                    <\/div>\n                <\/div>\n                    <\/div>\n                <\/div>\n            <div data-id=\"tab-tb_fynj305-4\" class=\"tab-content tf_clear\" aria-hidden=\"true\">\n                    <div  data-lazy=\"1\" class=\"module_subrow themify_builder_sub_row tf_w col_align_top tb_col_count_1 tb_zavq223\">\n                <div  data-lazy=\"1\" class=\"module_column sub_column tb_aglc223 first\">\n                    <!-- module text -->\n<div  class=\"module module-text tb_zb6r223   \" data-lazy=\"1\">\n        <div  class=\"tb_text_wrap\">\n        <p data-start=\"41\" data-end=\"503\">The <strong data-start=\"45\" data-end=\"104\">European Credit Transfer and Accumulation System (ECTS)<\/strong> makes it possible to validate the credits earned during an Erasmus+ mobility period. Before starting their study or internship abroad, students participating in the Erasmus+ programme receive an Erasmus+ mobility agreement from UPF. This study period, whether for one semester or a full academic year, as well as the learning outcomes achieved, can be recognised and validated by UPF upon return.<\/p>\n<p data-start=\"505\" data-end=\"590\">For more information, please refer to <a href=\"https:\/\/www.upf.pf\/fr\/reglement-general-des-etudes-0\"><strong data-start=\"543\" data-end=\"587\">Annex 5 of the General Study Regulations<\/strong>.<\/a><\/p>    <\/div>\n<\/div>\n<!-- \/module text -->        <\/div>\n                    <\/div>\n                <\/div>\n    <\/div>\n<!-- \/module tab -->\n        <\/div>\n                        <\/div>\n        <\/div>\n                        <div  data-lazy=\"1\" class=\"module_row themify_builder_row tb_r2q4526 tf_w\">\n                        <div class=\"row_inner col_align_top tb_col_count_1 tf_box tf_rel\">\n                        <div  data-lazy=\"1\" class=\"module_column tb-column col-full tb_yppk526 first\">\n                    <!-- module template_part -->\n<div  class=\"module module-layout-part tb_1sia526 \">\n    <div class=\"tb_layout_part_wrap tf_w\"><!--themify_builder_content-->\n    <div  class=\"themify_builder_content themify_builder_content-3927 themify_builder not_editable_builder in_the_loop\" data-postid=\"3927\">\n                        <div  data-lazy=\"1\" class=\"module_row themify_builder_row tb_sdsc004 tf_w\">\n                        <div class=\"row_inner col_align_top tb_col_count_1 tf_box tf_rel\">\n                        <div  data-lazy=\"1\" class=\"module_column tb-column col-full tb_zs5j205 first\">\n                    <!-- module divider -->\n<div  class=\"module tf_mw module-divider tb_ia5m958 solid  divider-custom divider-center\" style=\"border-width: 1px;border-color: #0064a5;margin-top: 38px;margin-bottom: 40px;max-width: 1000px;\" data-lazy=\"1\">\n    <\/div>\n<!-- \/module divider -->\n<!-- module text -->\n<div  class=\"module module-text tb_mffp789   \" data-lazy=\"1\">\n        <div  class=\"tb_text_wrap\">\n        <p id=\"pages-connexes\" class=\"tb_toc_el\" data-is-set=\"true\">YOU ARE :<\/p>    <\/div>\n<\/div>\n<!-- \/module text -->        <\/div>\n                        <\/div>\n        <\/div>\n            <\/div>\n<!--\/themify_builder_content--><\/div>\n<\/div>\n<!-- \/module template_part -->        <\/div>\n                        <\/div>\n        <\/div>\n                        <div  data-lazy=\"1\" class=\"module_row themify_builder_row tb_of6y134 tf_w\">\n                        <div class=\"row_inner col_align_top gutter-narrow tb_col_count_3 tf_box tf_rel\">\n                        <div  data-lazy=\"1\" class=\"module_column tb-column col3-1 tb_lval134 first\">\n        <span class=\"builder_row_cover tf_abs\"><\/span>            <!-- module buttons -->\n<div  class=\"module module-buttons tb_rnml134 buttons-horizontal solid   buttons-fullwidth\" data-lazy=\"1\">\n        <div class=\"module-buttons-item tf_in_flx\">\n                        <a href=\"https:\/\/international.upf.pf\/partir-a-letranger\/doctorant\/\" class=\"ui builder_button tf_in_flx transparent\" >\n                                                Doctorants                                        <\/a>\n                <\/div>\n            <\/div>\n<!-- \/module buttons -->\n        <\/div>\n                    <div  data-lazy=\"1\" class=\"module_column tb-column col3-1 tb_kc53134\">\n        <span class=\"builder_row_cover tf_abs\"><\/span>            <!-- module buttons -->\n<div  class=\"module module-buttons tb_b99n511 buttons-horizontal solid   buttons-fullwidth\" data-lazy=\"1\">\n        <div class=\"module-buttons-item tf_in_flx\">\n                        <a href=\"https:\/\/international.upf.pf\/partir-a-letranger\/enseignants-chercheurs\/\" class=\"ui builder_button tf_in_flx transparent\" >\n                                                Enseignant-chercheurs                                        <\/a>\n                <\/div>\n            <\/div>\n<!-- \/module buttons -->\n        <\/div>\n                    <div  data-lazy=\"1\" class=\"module_column tb-column col3-1 tb_dh99134 last\">\n        <span class=\"builder_row_cover tf_abs\"><\/span>            <!-- module buttons -->\n<div  class=\"module module-buttons tb_walv42 buttons-horizontal solid   buttons-fullwidth\" data-lazy=\"1\">\n        <div class=\"module-buttons-item tf_in_flx\">\n                        <a href=\"https:\/\/international.upf.pf\/partir-a-letranger\/personnels-de-lupf\/\" class=\"ui builder_button tf_in_flx transparent\" >\n                                                Personnels de l'UPF                                        <\/a>\n                <\/div>\n            <\/div>\n<!-- \/module buttons -->\n        <\/div>\n                        <\/div>\n        <\/div>\n        <\/div>\n<!--\/themify_builder_content-->","protected":false},"excerpt":{"rendered":"<p>UPF allows you to complete part of your studies abroad thanks to cooperation agreements signed with partner universities.<\/p>\n","protected":false},"author":1,"featured_media":5056,"parent":3822,"menu_order":0,"comment_status":"closed","ping_status":"closed","template":"","meta":{"footnotes":""},"class_list":["post-3828","page","type-page","status-publish","has-post-thumbnail","hentry","has-post-title","has-post-date","has-post-category","has-post-tag","has-post-comment","has-post-author",""],"aioseo_notices":[],"builder_content":"<a href=\"https:\/\/international.upf.pf\/wp-content\/uploads\/2024\/02\/echange-international.jpg\"> <img src=\"https:\/\/international.upf.pf\/wp-content\/uploads\/2025\/02\/IMG_2069.jpg\" width=\"588\" height=\"381\" title=\"IMG_2069\" alt=\"IMG_2069\"> <\/a>\n<p>UPF allows you to complete part of your studies abroad thanks to cooperation agreements signed with partner universities.<\/p>\n<h3>PREPARING AND REFINING YOUR PROJECT<\/h3> <p>A mobility project must be planned at least one year in advance. Carefully preparing your stay increases your chances of successfully carrying out your mobility project and, in some cases, obtaining financial support (International Mobility Grant and\/or Erasmus+ allowance). Indeed, you will need to ensure that you can financially support yourself once you are abroad.<\/p>\n<h3 style=\"text-align: center;\">ADVANTAGES AND SUPPORT FOR MOBILITY<\/h3>\n<h4 style=\"text-align: center;\">At the host university<\/h4> <p data-start=\"641\" data-end=\"658\">You benefit from<\/p> <ul data-start=\"660\" data-end=\"958\"> <li data-start=\"660\" data-end=\"717\"> <p data-start=\"662\" data-end=\"717\">exemption from tuition fees for one or two semesters;<\/p> <\/li> <li data-start=\"718\" data-end=\"821\"> <p data-start=\"720\" data-end=\"821\">access to courses within a study program (4 to 5 subjects per semester for international mobility);<\/p> <\/li> <li data-start=\"822\" data-end=\"885\"> <p data-start=\"824\" data-end=\"885\">the possibility of accommodation in a university residence;<\/p> <\/li> <li data-start=\"886\" data-end=\"958\"> <p data-start=\"888\" data-end=\"958\">the same rights as full-time students enrolled at the host university.<\/p> <\/li> <\/ul>\n<h4 style=\"text-align: center;\">Thanks to UPF<\/h4> <p data-start=\"977\" data-end=\"994\">You benefit from:<\/p> <ul data-start=\"996\" data-end=\"1422\" data-is-last-node=\"\" data-is-only-node=\"\"> <li data-start=\"996\" data-end=\"1066\"> <p data-start=\"998\" data-end=\"1066\">paying the regular tuition fees at UPF, where you remain enrolled;<\/p> <\/li> <li data-start=\"1067\" data-end=\"1148\"> <p data-start=\"1069\" data-end=\"1148\">assistance with the administrative procedures related to your project abroad;<\/p> <\/li> <li data-start=\"1149\" data-end=\"1284\"> <p data-start=\"1151\" data-end=\"1284\">if you are a scholarship holder: you keep your scholarship under the same conditions as if you were continuing your studies at UPF;<\/p> <\/li> <li data-start=\"1285\" data-end=\"1422\" data-is-last-node=\"\"> <p data-start=\"1287\" data-end=\"1422\" data-is-last-node=\"\">recognition of your study period abroad if you pass your exams, in accordance with the learning agreement established before departure.<\/p> <\/li> <\/ul>\n<h2><img decoding=\"async\" src=\"https:\/\/international.upf.pf\/wp-content\/uploads\/2024\/07\/partir-europe-blueicon.svg\"> Going to Europe with ERASMUS+<\/h2>\n<img src=\"https:\/\/international.upf.pf\/wp-content\/uploads\/2024\/07\/etudiants-upf8.jpg\" title=\"etudiants-upf8\" alt=\"etudiants-upf8\">\n<p data-start=\"39\" data-end=\"405\">Thanks to the Erasmus+ program, you have the opportunity to complete part of your university studies in Europe, either through a study exchange or an internship. From the second year of your Bachelor's degree (L2), you can go abroad for a period of two to twelve months at a European higher education institution that has signed a cooperation agreement with UPF.<\/p> <p data-start=\"407\" data-end=\"517\">To discover the Erasmus+ partner universities, check the interactive map under the \u201cPartner Universities\u201d tab.<\/p> <p data-start=\"519\" data-end=\"607\" data-is-last-node=\"\" data-is-only-node=\"\">Below, you will find all the necessary information to prepare your mobility application.<\/p>\n<ul><li><h4>ELIGIBILITY CRITERIA<\/h4><p data-start=\"128\" data-end=\"229\"><strong data-start=\"128\" data-end=\"227\">To be eligible to apply for an exchange program, students must meet the following requirements:<\/strong><\/p> <ul data-start=\"231\" data-end=\"716\"> <li data-start=\"231\" data-end=\"285\"> <p data-start=\"233\" data-end=\"285\">Be enrolled at the University of French Polynesia;<\/p> <\/li> <li data-start=\"286\" data-end=\"341\"> <p data-start=\"288\" data-end=\"341\">Have successfully validated all previous semesters;<\/p> <\/li> <li data-start=\"342\" data-end=\"425\"> <p data-start=\"344\" data-end=\"425\">Be in at least the second year of a Bachelor\u2019s degree at the time of departure;<\/p> <\/li> <li data-start=\"426\" data-end=\"597\"> <p data-start=\"428\" data-end=\"597\">Demonstrate sufficient language proficiency in the host country (minimum B1 level recommended, though higher proficiency may be required depending on the institution);<\/p> <\/li> <li data-start=\"598\" data-end=\"657\"> <p data-start=\"600\" data-end=\"657\">Present a coherent and well-motivated mobility project;<\/p> <\/li> <li data-start=\"658\" data-end=\"716\"> <p data-start=\"660\" data-end=\"716\">Be capable of working and living independently abroad.<\/p> <\/li> <\/ul> <p data-start=\"718\" data-end=\"874\"><em data-start=\"721\" data-end=\"872\"><strong>Please note:<\/strong>\u00a0some partner universities require applicants to have completed at least one full year of a Bachelor\u2019s degree at the time of application.<\/em><\/p><\/li><li><h4>PROCEDURES<\/h4><p data-start=\"41\" data-end=\"229\"><strong data-start=\"41\" data-end=\"107\">1. Make an appointment with the International Relations Office<\/strong><br data-start=\"107\" data-end=\"110\">Contact us to discuss your mobility project, possible destinations, and to better understand the procedure to follow.<\/p> <p data-start=\"231\" data-end=\"436\"><strong data-start=\"231\" data-end=\"307\">2. Complete the application form and prepare your provisional study plan<\/strong><br data-start=\"307\" data-end=\"310\">Build a draft course plan based on the course offerings of the partner universities, available on their respective websites.<\/p> <p data-start=\"438\" data-end=\"605\"><strong data-start=\"438\" data-end=\"476\">3. Meet with your academic advisor<\/strong><br data-start=\"476\" data-end=\"479\">Contact him\/her to present your mobility project. Your academic advisor will validate or adjust your provisional study plan.<\/p> <p data-start=\"607\" data-end=\"880\"><strong data-start=\"607\" data-end=\"660\">4. Submit your complete application file by email<\/strong><br data-start=\"660\" data-end=\"663\">Send all documents and attachments by email to the International Relations Office before the deadline. Your application will then be reviewed jointly by your academic advisors and the International Relations Office.<\/p> <p>\u00a0<\/p> <p data-start=\"882\" data-end=\"1022\">In the section <em data-start=\"897\" data-end=\"923\">\u201cForms and Useful Links\u201d<\/em>, you will find a detailed application guide as well as all the necessary downloadable documents.<\/p> <a href=\"https:\/\/www.canva.com\/design\/DAGKA0ddU4g\/N-DpHTSlai1QQJDO3VrYwQ\/view?utm_content=DAGKA0ddU4g&#038;utm_campaign=designshare&#038;utm_medium=link&#038;utm_source=editor\" > Guide de candidature <\/a> <a href=\"https:\/\/international.upf.pf\/wp-content\/uploads\/2025\/09\/Formulaire-de-candidature-Programme-dechange-international_MAJ-27022025.pdf\" > Formulaire de candidature <\/a> <a href=\"https:\/\/www.canva.com\/design\/DAGAu3Jo_XQ\/CfbEc1EoLkGpabKb4pJqag\/view?utm_content=DAGAu3Jo_XQ&#038;utm_campaign=designshare&#038;utm_medium=link&#038;utm_source=editor\" > Plan d'\u00e9tudes provisoire <\/a> <a href=\"https:\/\/international.upf.pf\/wp-content\/uploads\/2025\/09\/Responsabilites-admi-pedag-2025-2026.pdf\" > Liste des responsables p\u00e9dagogiques 2025-2026 <\/a><\/li><li><h4>DEADLINES<\/h4><hr data-start=\"36\" data-end=\"39\"> <p data-start=\"41\" data-end=\"232\">The application file must be submitted no later than <strong data-start=\"94\" data-end=\"118\">31 March (inclusive)<\/strong> for a departure in the first semester, and <strong data-start=\"162\" data-end=\"190\">30 September (inclusive)<\/strong> for a departure in the second semester.<\/p><\/li><li><h4>ADMINISTRATIVE REQUIREMENTS<\/h4><p data-start=\"141\" data-end=\"544\">Regardless of the duration of your study mobility (maximum of two semesters), you must remain enrolled at the University of French Polynesia (UPF). Your enrollment at UPF is essential for the validation of your degree, even if part of it is completed at a partner university. You will only be required to pay tuition fees at UPF. The host university will register you without additional tuition costs.<\/p> <p data-start=\"546\" data-end=\"839\">If you are a French national going to a country within the Schengen Area, you generally do not need a student visa. However, some countries require a visa for any stay exceeding three months. It is therefore essential to check the specific requirements of your host country before departure.<\/p> <p data-start=\"841\" data-end=\"1051\">Before leaving, you must also take out travel insurance and ensure that you have valid health coverage for the entire duration of your stay abroad. An ERASMUS+ mobility kit is available upon request by email.<\/p> <p>DOCUMENTS<\/p> <a href=\"https:\/\/www.canva.com\/design\/DAGV2Ck2A4Y\/033qgzqqZVvZox4LWzKtCw\/view?utm_content=DAGV2Ck2A4Y&#038;utm_campaign=designshare&#038;utm_medium=link2&#038;utm_source=uniquelinks&#038;utlId=h5417b76242\" > Guide de proc\u00e9dure pour pr\u00e9parer sa mobilit\u00e9 en Europe <\/a> <a href=\"https:\/\/international.upf.pf\/wp-content\/uploads\/2025\/02\/Tableau-des-equivalences.xlsx\" > Tableau des \u00e9quivalences <\/a><\/li><li><h4>ACADEMIC RECOGNITION<\/h4><p data-start=\"41\" data-end=\"503\">The <strong data-start=\"45\" data-end=\"104\">European Credit Transfer and Accumulation System (ECTS)<\/strong> makes it possible to validate the credits earned during an Erasmus+ mobility period. Before starting their study or internship abroad, students participating in the Erasmus+ programme receive an Erasmus+ mobility agreement from UPF. This study period, whether for one semester or a full academic year, as well as the learning outcomes achieved, can be recognised and validated by UPF upon return.<\/p> <p data-start=\"505\" data-end=\"590\">For more information, please refer to <a href=\"https:\/\/www.upf.pf\/fr\/reglement-general-des-etudes-0\"><strong data-start=\"543\" data-end=\"587\">Annex 5 of the General Study Regulations<\/strong>.<\/a><\/p><\/li><\/ul>\n<p data-start=\"128\" data-end=\"229\"><strong data-start=\"128\" data-end=\"227\">To be eligible to apply for an exchange program, students must meet the following requirements:<\/strong><\/p> <ul data-start=\"231\" data-end=\"716\"> <li data-start=\"231\" data-end=\"285\"> <p data-start=\"233\" data-end=\"285\">Be enrolled at the University of French Polynesia;<\/p> <\/li> <li data-start=\"286\" data-end=\"341\"> <p data-start=\"288\" data-end=\"341\">Have successfully validated all previous semesters;<\/p> <\/li> <li data-start=\"342\" data-end=\"425\"> <p data-start=\"344\" data-end=\"425\">Be in at least the second year of a Bachelor\u2019s degree at the time of departure;<\/p> <\/li> <li data-start=\"426\" data-end=\"597\"> <p data-start=\"428\" data-end=\"597\">Demonstrate sufficient language proficiency in the host country (minimum B1 level recommended, though higher proficiency may be required depending on the institution);<\/p> <\/li> <li data-start=\"598\" data-end=\"657\"> <p data-start=\"600\" data-end=\"657\">Present a coherent and well-motivated mobility project;<\/p> <\/li> <li data-start=\"658\" data-end=\"716\"> <p data-start=\"660\" data-end=\"716\">Be capable of working and living independently abroad.<\/p> <\/li> <\/ul> <p data-start=\"718\" data-end=\"874\"><em data-start=\"721\" data-end=\"872\"><strong>Please note:<\/strong>\u00a0some partner universities require applicants to have completed at least one full year of a Bachelor\u2019s degree at the time of application.<\/em><\/p>\n<p data-start=\"41\" data-end=\"229\"><strong data-start=\"41\" data-end=\"107\">1. Make an appointment with the International Relations Office<\/strong><br data-start=\"107\" data-end=\"110\">Contact us to discuss your mobility project, possible destinations, and to better understand the procedure to follow.<\/p> <p data-start=\"231\" data-end=\"436\"><strong data-start=\"231\" data-end=\"307\">2. Complete the application form and prepare your provisional study plan<\/strong><br data-start=\"307\" data-end=\"310\">Build a draft course plan based on the course offerings of the partner universities, available on their respective websites.<\/p> <p data-start=\"438\" data-end=\"605\"><strong data-start=\"438\" data-end=\"476\">3. Meet with your academic advisor<\/strong><br data-start=\"476\" data-end=\"479\">Contact him\/her to present your mobility project. Your academic advisor will validate or adjust your provisional study plan.<\/p> <p data-start=\"607\" data-end=\"880\"><strong data-start=\"607\" data-end=\"660\">4. Submit your complete application file by email<\/strong><br data-start=\"660\" data-end=\"663\">Send all documents and attachments by email to the International Relations Office before the deadline. Your application will then be reviewed jointly by your academic advisors and the International Relations Office.<\/p> <p>\u00a0<\/p> <p data-start=\"882\" data-end=\"1022\">In the section <em data-start=\"897\" data-end=\"923\">\u201cForms and Useful Links\u201d<\/em>, you will find a detailed application guide as well as all the necessary downloadable documents.<\/p>\n<a href=\"https:\/\/www.canva.com\/design\/DAGKA0ddU4g\/N-DpHTSlai1QQJDO3VrYwQ\/view?utm_content=DAGKA0ddU4g&#038;utm_campaign=designshare&#038;utm_medium=link&#038;utm_source=editor\" > Guide de candidature <\/a>\n<a href=\"https:\/\/international.upf.pf\/wp-content\/uploads\/2025\/09\/Formulaire-de-candidature-Programme-dechange-international_MAJ-27022025.pdf\" > Formulaire de candidature <\/a>\n<a href=\"https:\/\/www.canva.com\/design\/DAGAu3Jo_XQ\/CfbEc1EoLkGpabKb4pJqag\/view?utm_content=DAGAu3Jo_XQ&#038;utm_campaign=designshare&#038;utm_medium=link&#038;utm_source=editor\" > Plan d'\u00e9tudes provisoire <\/a>\n<a href=\"https:\/\/international.upf.pf\/wp-content\/uploads\/2025\/09\/Responsabilites-admi-pedag-2025-2026.pdf\" > Liste des responsables p\u00e9dagogiques 2025-2026 <\/a>\n<hr data-start=\"36\" data-end=\"39\"> <p data-start=\"41\" data-end=\"232\">The application file must be submitted no later than <strong data-start=\"94\" data-end=\"118\">31 March (inclusive)<\/strong> for a departure in the first semester, and <strong data-start=\"162\" data-end=\"190\">30 September (inclusive)<\/strong> for a departure in the second semester.<\/p>\n<p data-start=\"141\" data-end=\"544\">Regardless of the duration of your study mobility (maximum of two semesters), you must remain enrolled at the University of French Polynesia (UPF). Your enrollment at UPF is essential for the validation of your degree, even if part of it is completed at a partner university. You will only be required to pay tuition fees at UPF. The host university will register you without additional tuition costs.<\/p> <p data-start=\"546\" data-end=\"839\">If you are a French national going to a country within the Schengen Area, you generally do not need a student visa. However, some countries require a visa for any stay exceeding three months. It is therefore essential to check the specific requirements of your host country before departure.<\/p> <p data-start=\"841\" data-end=\"1051\">Before leaving, you must also take out travel insurance and ensure that you have valid health coverage for the entire duration of your stay abroad. An ERASMUS+ mobility kit is available upon request by email.<\/p>\n<p>DOCUMENTS<\/p>\n<a href=\"https:\/\/www.canva.com\/design\/DAGV2Ck2A4Y\/033qgzqqZVvZox4LWzKtCw\/view?utm_content=DAGV2Ck2A4Y&#038;utm_campaign=designshare&#038;utm_medium=link2&#038;utm_source=uniquelinks&#038;utlId=h5417b76242\" > Guide de proc\u00e9dure pour pr\u00e9parer sa mobilit\u00e9 en Europe <\/a>\n<a href=\"https:\/\/international.upf.pf\/wp-content\/uploads\/2025\/02\/Tableau-des-equivalences.xlsx\" > Tableau des \u00e9quivalences <\/a>\n<p data-start=\"41\" data-end=\"503\">The <strong data-start=\"45\" data-end=\"104\">European Credit Transfer and Accumulation System (ECTS)<\/strong> makes it possible to validate the credits earned during an Erasmus+ mobility period. Before starting their study or internship abroad, students participating in the Erasmus+ programme receive an Erasmus+ mobility agreement from UPF. This study period, whether for one semester or a full academic year, as well as the learning outcomes achieved, can be recognised and validated by UPF upon return.<\/p> <p data-start=\"505\" data-end=\"590\">For more information, please refer to <a href=\"https:\/\/www.upf.pf\/fr\/reglement-general-des-etudes-0\"><strong data-start=\"543\" data-end=\"587\">Annex 5 of the General Study Regulations<\/strong>.<\/a><\/p>\n<h2><img decoding=\"async\" src=\"https:\/\/international.upf.pf\/wp-content\/uploads\/2024\/07\/partir-europe-blueicon.svg\">Partir hors-europe<\/h2>\n<a href=\"https:\/\/international.upf.pf\/wp-content\/uploads\/2024\/02\/Partir-en-mobilite-Hors-Europe_-etape-par-etape.png\" data-zoom-config=\"95%|95%\"> <img src=\"https:\/\/international.upf.pf\/wp-content\/uploads\/2025\/09\/Rava-Chung-Moekore-Estall-et-Clara-Lobstein-a-Londonberry.jpeg\" title=\"Rava Chung - Moekore Estall et Clara Lobstein \u00e0 Londonberry\" alt=\"Rava Chung - Moekore Estall et Clara Lobstein \u00e0 Londonberry\"> <\/a>\n<p data-start=\"41\" data-end=\"261\">Some host universities require you to have obtained a sufficient score in an English language test such as <strong data-start=\"148\" data-end=\"197\">TOEFL (Test of English as a Foreign Language)<\/strong> or <strong data-start=\"201\" data-end=\"258\">IELTS (International English Language Testing System)<\/strong>.<\/p> <p data-start=\"263\" data-end=\"460\">Students with special needs may benefit from additional financial support and reimbursement of \u201cactual costs,\u201d such as specific accommodation, assistance from a companion, medical follow-up, etc.<\/p> <p data-start=\"462\" data-end=\"599\">Make sure to prepare well in advance to register online, take the test, and provide your results when submitting your application file.<\/p>\n<ul><li><p>[themify_layout_part slug=\"partir-hors-europe\"]<\/p> <ul><li><h4>DATES LIMITES DE D\u00c9P\u00d4T DES CANDIDATURES<\/h4><h3>AVANTAGES ET FACILIT\u00c9S DE LA MOBILIT\u00c9<\/h3> <p>Participer \u00e0 un programme d\u2019\u00e9changes international ou europ\u00e9en (Erasmus+) mis en place par l\u2019UPF vous permet d\u2019acc\u00e9der \u00e0 un certain nombre d\u2019avantages et de facilit\u00e9s.<\/p> <h3><strong style=\"background-color: initial; font-size: 20px;\">Dans l\u2019universit\u00e9 d\u2019accueil<\/strong><br><\/h3> <p>Vous b\u00e9n\u00e9ficiez :<\/p> <ul> <li>d\u2019une exon\u00e9ration des droits d\u2019inscription pour un ou deux semestres ;<\/li> <li>de l\u2019acc\u00e8s aux cours dans un programme d\u2019\u00e9tudes (4 \u00e0 5 mati\u00e8res par semestre pour une mobilit\u00e9 internationale) ;<\/li> <li>d\u2019une possibilit\u00e9 de logement en r\u00e9sidence universitaire ;<\/li> <li>des m\u00eames droits que les \u00e9tudiants inscrits \u00e0 temps plein dans l\u2019universit\u00e9 d\u2019accueil.<\/li> <\/ul> <p><br><\/p><ul> <\/ul> <h3><strong style=\"background-color: initial; font-size: 20px;\">A l\u2019UPF<\/strong><br><\/h3> <p>Vous :<\/p> <ul> <li>vous acquittez des frais de scolarit\u00e9 habituels \u00e0 l\u2019UPF o\u00f9 vous demeurez inscrit ;<\/li> <li>\u00eates assist\u00e9 dans les d\u00e9marches administratives pour votre projet \u00e0 l\u2019\u00e9tranger ;<\/li> <li>\u00eates boursier: vous conservez votre bourse dans les m\u00eames conditions que si vous continuiez vos \u00e9tudes sur place ;<\/li> <li>obtenez la reconnaissance de la p\u00e9riode d\u2019\u00e9tudes \u00e0 l\u2019\u00e9tranger en cas de r\u00e9ussite aux examens conform\u00e9ment au contrat d\u2019\u00e9tudes pr\u00e9alablement \u00e9tabli avant le d\u00e9part ; le contrat d\u2019\u00e9tudes ECTS reprend la liste des enseignements devant \u00eatre suivis et obtenus \u00e0 l\u2019\u00e9tranger. Il est \u00e9tabli en accord avec l\u2019enseignant responsable de l\u2019\u00e9change.<\/li> <\/ul><\/li><li><h4>D\u00e9marches<\/h4><p>Le service des relations internationales est pr\u00e9sent pour vous accompagner afin que votre projet \u00e0 l\u2019\u00e9tranger se concr\u00e9tise et corresponde \u00e0 vos attentes.<br>Voici les premi\u00e8res d\u00e9marches \u00e0 suivre :<\/p> <ul> <li>Prenez rendez-vous avec le service des Relations Internationales en envoyant un mail \u00e0 <a href=\"mailto:relations-internationales@upf.pf\">relations-internationales@upf.pf<\/a> ;<\/li> <li>T\u00e9l\u00e9chargez la documentation correspondant \u00e0 votre projet (Erasmus ou mobilit\u00e9 internationale), compl\u00e9tez votre dossier de candidature et \u00e9tablissez une maquette de cours \u00e0 suivre dans l\u2019universit\u00e9 d\u2019accueil choisie (vous trouverez les enseignements propos\u00e9s par les universit\u00e9s sur leur site internet) ;<\/li> <li>R\u00e9digez une lettre de motivation en fran\u00e7ais (\u00e0 joindre \u00e0 votre dossier de candidature) et une en anglais ou en espagnol selon la langue parl\u00e9e dans votre pays d\u2019accueil (\u00e0 l\u2019attention de votre responsable p\u00e9dagogique) ;<\/li> <li>Prenez-rendez-vous avec votre responsable p\u00e9dagogique afin qu\u2019il approuve votre projet et valide ou ajuste votre maquette de cours ;<\/li> <\/ul> <p>D\u00e9posez aupr\u00e8s des Relations Internationales votre dossier de candidature compl\u00e9t\u00e9 et accompagn\u00e9 des documents demand\u00e9s.<\/p><\/li><li><h4>DATES LIMITES DE D\u00c9P\u00d4T DES CANDIDATURES<\/h4><p>Programme de mobilit\u00e9 internationale :<\/p> <ul> <li>31 janvier pour un d\u00e9part au premier semestre (sauf pour l'Universit\u00e9 de Hawai\u02bbi at M\u0101noa : 15 janvier)<\/li> <li>30 septembre pour un d\u00e9part au second semestre<br>(sauf pour l'Universit\u00e9 de Hawai\u02bbi at M\u0101noa : 15 ao\u00fbt)<\/li> <\/ul> <p>Programme d\u2019\u00e9change Erasmus+ :<\/p> <ul> <li>31 mars pour un d\u00e9part au premier semestre<\/li> <li>30 octobre pour un d\u00e9part au second semestre<\/li> <\/ul><\/li><li><h4>FORMALIT\u00c9S A ACCOMPLIR AVANT LE D\u00c9PART<\/h4><p>Quelle que soit la dur\u00e9e de votre s\u00e9jour d\u2019\u00e9tudes \u00e0 l\u2019\u00e9tranger (2 semestres maximum), vous devrez vous inscrire \u00e0 l\u2019UPF avant votre d\u00e9part pour la pr\u00e9paration du dipl\u00f4me qui sera effectu\u00e9 en partie ou en totalit\u00e9 \u00e0 l\u2019\u00e9tranger.<\/p> <p>Vous paierez les droits d\u2019inscription \u00e0 l\u2019UPF et effectuerez une inscription sans frais \u00e0 l\u2019universit\u00e9 d\u2019accueil.<br> En fonction du pays d\u2019accueil et de la dur\u00e9e du s\u00e9jour \u00e0 l\u2019\u00e9tranger, il vous sera n\u00e9cessaire d\u2019obtenir un visa \u00e9tudiant. Les d\u00e9marches devront \u00eatre effectu\u00e9es d\u00e8s r\u00e9ception du dossier d\u2019admission de l\u2019\u00e9tablissement d\u2019accueil.<\/p> <p>Vous serez \u00e9galement tenus de souscrire \u00e0 une assurance pour le voyage et d\u2019avoir une couverture sant\u00e9 pour la dur\u00e9e de leur s\u00e9jour \u00e0 l\u2019\u00e9tranger.<\/p><\/li><\/ul> <h3>AVANTAGES ET FACILIT\u00c9S DE LA MOBILIT\u00c9<\/h3> <p>Participer \u00e0 un programme d\u2019\u00e9changes international ou europ\u00e9en (Erasmus+) mis en place par l\u2019UPF vous permet d\u2019acc\u00e9der \u00e0 un certain nombre d\u2019avantages et de facilit\u00e9s.<\/p> <h3><strong style=\"background-color: initial; font-size: 20px;\">Dans l\u2019universit\u00e9 d\u2019accueil<\/strong><br><\/h3> <p>Vous b\u00e9n\u00e9ficiez :<\/p> <ul> <li>d\u2019une exon\u00e9ration des droits d\u2019inscription pour un ou deux semestres ;<\/li> <li>de l\u2019acc\u00e8s aux cours dans un programme d\u2019\u00e9tudes (4 \u00e0 5 mati\u00e8res par semestre pour une mobilit\u00e9 internationale) ;<\/li> <li>d\u2019une possibilit\u00e9 de logement en r\u00e9sidence universitaire ;<\/li> <li>des m\u00eames droits que les \u00e9tudiants inscrits \u00e0 temps plein dans l\u2019universit\u00e9 d\u2019accueil.<\/li> <\/ul> <p><br><\/p><ul> <\/ul> <h3><strong style=\"background-color: initial; font-size: 20px;\">A l\u2019UPF<\/strong><br><\/h3> <p>Vous :<\/p> <ul> <li>vous acquittez des frais de scolarit\u00e9 habituels \u00e0 l\u2019UPF o\u00f9 vous demeurez inscrit ;<\/li> <li>\u00eates assist\u00e9 dans les d\u00e9marches administratives pour votre projet \u00e0 l\u2019\u00e9tranger ;<\/li> <li>\u00eates boursier: vous conservez votre bourse dans les m\u00eames conditions que si vous continuiez vos \u00e9tudes sur place ;<\/li> <li>obtenez la reconnaissance de la p\u00e9riode d\u2019\u00e9tudes \u00e0 l\u2019\u00e9tranger en cas de r\u00e9ussite aux examens conform\u00e9ment au contrat d\u2019\u00e9tudes pr\u00e9alablement \u00e9tabli avant le d\u00e9part ; le contrat d\u2019\u00e9tudes ECTS reprend la liste des enseignements devant \u00eatre suivis et obtenus \u00e0 l\u2019\u00e9tranger. Il est \u00e9tabli en accord avec l\u2019enseignant responsable de l\u2019\u00e9change.<\/li> <\/ul> <p>Le service des relations internationales est pr\u00e9sent pour vous accompagner afin que votre projet \u00e0 l\u2019\u00e9tranger se concr\u00e9tise et corresponde \u00e0 vos attentes.<br>Voici les premi\u00e8res d\u00e9marches \u00e0 suivre :<\/p> <ul> <li>Prenez rendez-vous avec le service des Relations Internationales en envoyant un mail \u00e0 <a href=\"mailto:relations-internationales@upf.pf\">relations-internationales@upf.pf<\/a> ;<\/li> <li>T\u00e9l\u00e9chargez la documentation correspondant \u00e0 votre projet (Erasmus ou mobilit\u00e9 internationale), compl\u00e9tez votre dossier de candidature et \u00e9tablissez une maquette de cours \u00e0 suivre dans l\u2019universit\u00e9 d\u2019accueil choisie (vous trouverez les enseignements propos\u00e9s par les universit\u00e9s sur leur site internet) ;<\/li> <li>R\u00e9digez une lettre de motivation en fran\u00e7ais (\u00e0 joindre \u00e0 votre dossier de candidature) et une en anglais ou en espagnol selon la langue parl\u00e9e dans votre pays d\u2019accueil (\u00e0 l\u2019attention de votre responsable p\u00e9dagogique) ;<\/li> <li>Prenez-rendez-vous avec votre responsable p\u00e9dagogique afin qu\u2019il approuve votre projet et valide ou ajuste votre maquette de cours ;<\/li> <\/ul> <p>D\u00e9posez aupr\u00e8s des Relations Internationales votre dossier de candidature compl\u00e9t\u00e9 et accompagn\u00e9 des documents demand\u00e9s.<\/p> <p>Programme de mobilit\u00e9 internationale :<\/p> <ul> <li>31 janvier pour un d\u00e9part au premier semestre (sauf pour l'Universit\u00e9 de Hawai\u02bbi at M\u0101noa : 15 janvier)<\/li> <li>30 septembre pour un d\u00e9part au second semestre<br>(sauf pour l'Universit\u00e9 de Hawai\u02bbi at M\u0101noa : 15 ao\u00fbt)<\/li> <\/ul> <p>Programme d\u2019\u00e9change Erasmus+ :<\/p> <ul> <li>31 mars pour un d\u00e9part au premier semestre<\/li> <li>30 octobre pour un d\u00e9part au second semestre<\/li> <\/ul> <p>Quelle que soit la dur\u00e9e de votre s\u00e9jour d\u2019\u00e9tudes \u00e0 l\u2019\u00e9tranger (2 semestres maximum), vous devrez vous inscrire \u00e0 l\u2019UPF avant votre d\u00e9part pour la pr\u00e9paration du dipl\u00f4me qui sera effectu\u00e9 en partie ou en totalit\u00e9 \u00e0 l\u2019\u00e9tranger.<\/p> <p>Vous paierez les droits d\u2019inscription \u00e0 l\u2019UPF et effectuerez une inscription sans frais \u00e0 l\u2019universit\u00e9 d\u2019accueil.<br> En fonction du pays d\u2019accueil et de la dur\u00e9e du s\u00e9jour \u00e0 l\u2019\u00e9tranger, il vous sera n\u00e9cessaire d\u2019obtenir un visa \u00e9tudiant. Les d\u00e9marches devront \u00eatre effectu\u00e9es d\u00e8s r\u00e9ception du dossier d\u2019admission de l\u2019\u00e9tablissement d\u2019accueil.<\/p> <p>Vous serez \u00e9galement tenus de souscrire \u00e0 une assurance pour le voyage et d\u2019avoir une couverture sant\u00e9 pour la dur\u00e9e de leur s\u00e9jour \u00e0 l\u2019\u00e9tranger.<\/p><\/li><\/ul>\n<p>[themify_layout_part slug=\"partir-hors-europe\"]<\/p>\n<ul><li><h4>DATES LIMITES DE D\u00c9P\u00d4T DES CANDIDATURES<\/h4><h3>AVANTAGES ET FACILIT\u00c9S DE LA MOBILIT\u00c9<\/h3> <p>Participer \u00e0 un programme d\u2019\u00e9changes international ou europ\u00e9en (Erasmus+) mis en place par l\u2019UPF vous permet d\u2019acc\u00e9der \u00e0 un certain nombre d\u2019avantages et de facilit\u00e9s.<\/p> <h3><strong style=\"background-color: initial; font-size: 20px;\">Dans l\u2019universit\u00e9 d\u2019accueil<\/strong><br><\/h3> <p>Vous b\u00e9n\u00e9ficiez :<\/p> <ul> <li>d\u2019une exon\u00e9ration des droits d\u2019inscription pour un ou deux semestres ;<\/li> <li>de l\u2019acc\u00e8s aux cours dans un programme d\u2019\u00e9tudes (4 \u00e0 5 mati\u00e8res par semestre pour une mobilit\u00e9 internationale) ;<\/li> <li>d\u2019une possibilit\u00e9 de logement en r\u00e9sidence universitaire ;<\/li> <li>des m\u00eames droits que les \u00e9tudiants inscrits \u00e0 temps plein dans l\u2019universit\u00e9 d\u2019accueil.<\/li> <\/ul> <p><br><\/p><ul> <\/ul> <h3><strong style=\"background-color: initial; font-size: 20px;\">A l\u2019UPF<\/strong><br><\/h3> <p>Vous :<\/p> <ul> <li>vous acquittez des frais de scolarit\u00e9 habituels \u00e0 l\u2019UPF o\u00f9 vous demeurez inscrit ;<\/li> <li>\u00eates assist\u00e9 dans les d\u00e9marches administratives pour votre projet \u00e0 l\u2019\u00e9tranger ;<\/li> <li>\u00eates boursier: vous conservez votre bourse dans les m\u00eames conditions que si vous continuiez vos \u00e9tudes sur place ;<\/li> <li>obtenez la reconnaissance de la p\u00e9riode d\u2019\u00e9tudes \u00e0 l\u2019\u00e9tranger en cas de r\u00e9ussite aux examens conform\u00e9ment au contrat d\u2019\u00e9tudes pr\u00e9alablement \u00e9tabli avant le d\u00e9part ; le contrat d\u2019\u00e9tudes ECTS reprend la liste des enseignements devant \u00eatre suivis et obtenus \u00e0 l\u2019\u00e9tranger. Il est \u00e9tabli en accord avec l\u2019enseignant responsable de l\u2019\u00e9change.<\/li> <\/ul><\/li><li><h4>D\u00e9marches<\/h4><p>Le service des relations internationales est pr\u00e9sent pour vous accompagner afin que votre projet \u00e0 l\u2019\u00e9tranger se concr\u00e9tise et corresponde \u00e0 vos attentes.<br>Voici les premi\u00e8res d\u00e9marches \u00e0 suivre :<\/p> <ul> <li>Prenez rendez-vous avec le service des Relations Internationales en envoyant un mail \u00e0 <a href=\"mailto:relations-internationales@upf.pf\">relations-internationales@upf.pf<\/a> ;<\/li> <li>T\u00e9l\u00e9chargez la documentation correspondant \u00e0 votre projet (Erasmus ou mobilit\u00e9 internationale), compl\u00e9tez votre dossier de candidature et \u00e9tablissez une maquette de cours \u00e0 suivre dans l\u2019universit\u00e9 d\u2019accueil choisie (vous trouverez les enseignements propos\u00e9s par les universit\u00e9s sur leur site internet) ;<\/li> <li>R\u00e9digez une lettre de motivation en fran\u00e7ais (\u00e0 joindre \u00e0 votre dossier de candidature) et une en anglais ou en espagnol selon la langue parl\u00e9e dans votre pays d\u2019accueil (\u00e0 l\u2019attention de votre responsable p\u00e9dagogique) ;<\/li> <li>Prenez-rendez-vous avec votre responsable p\u00e9dagogique afin qu\u2019il approuve votre projet et valide ou ajuste votre maquette de cours ;<\/li> <\/ul> <p>D\u00e9posez aupr\u00e8s des Relations Internationales votre dossier de candidature compl\u00e9t\u00e9 et accompagn\u00e9 des documents demand\u00e9s.<\/p><\/li><li><h4>DATES LIMITES DE D\u00c9P\u00d4T DES CANDIDATURES<\/h4><p>Programme de mobilit\u00e9 internationale :<\/p> <ul> <li>31 janvier pour un d\u00e9part au premier semestre (sauf pour l'Universit\u00e9 de Hawai\u02bbi at M\u0101noa : 15 janvier)<\/li> <li>30 septembre pour un d\u00e9part au second semestre<br>(sauf pour l'Universit\u00e9 de Hawai\u02bbi at M\u0101noa : 15 ao\u00fbt)<\/li> <\/ul> <p>Programme d\u2019\u00e9change Erasmus+ :<\/p> <ul> <li>31 mars pour un d\u00e9part au premier semestre<\/li> <li>30 octobre pour un d\u00e9part au second semestre<\/li> <\/ul><\/li><li><h4>FORMALIT\u00c9S A ACCOMPLIR AVANT LE D\u00c9PART<\/h4><p>Quelle que soit la dur\u00e9e de votre s\u00e9jour d\u2019\u00e9tudes \u00e0 l\u2019\u00e9tranger (2 semestres maximum), vous devrez vous inscrire \u00e0 l\u2019UPF avant votre d\u00e9part pour la pr\u00e9paration du dipl\u00f4me qui sera effectu\u00e9 en partie ou en totalit\u00e9 \u00e0 l\u2019\u00e9tranger.<\/p> <p>Vous paierez les droits d\u2019inscription \u00e0 l\u2019UPF et effectuerez une inscription sans frais \u00e0 l\u2019universit\u00e9 d\u2019accueil.<br> En fonction du pays d\u2019accueil et de la dur\u00e9e du s\u00e9jour \u00e0 l\u2019\u00e9tranger, il vous sera n\u00e9cessaire d\u2019obtenir un visa \u00e9tudiant. Les d\u00e9marches devront \u00eatre effectu\u00e9es d\u00e8s r\u00e9ception du dossier d\u2019admission de l\u2019\u00e9tablissement d\u2019accueil.<\/p> <p>Vous serez \u00e9galement tenus de souscrire \u00e0 une assurance pour le voyage et d\u2019avoir une couverture sant\u00e9 pour la dur\u00e9e de leur s\u00e9jour \u00e0 l\u2019\u00e9tranger.<\/p><\/li><\/ul>\n<h3>AVANTAGES ET FACILIT\u00c9S DE LA MOBILIT\u00c9<\/h3> <p>Participer \u00e0 un programme d\u2019\u00e9changes international ou europ\u00e9en (Erasmus+) mis en place par l\u2019UPF vous permet d\u2019acc\u00e9der \u00e0 un certain nombre d\u2019avantages et de facilit\u00e9s.<\/p>\n<h3><strong style=\"background-color: initial; font-size: 20px;\">Dans l\u2019universit\u00e9 d\u2019accueil<\/strong><br><\/h3> <p>Vous b\u00e9n\u00e9ficiez :<\/p> <ul> <li>d\u2019une exon\u00e9ration des droits d\u2019inscription pour un ou deux semestres ;<\/li> <li>de l\u2019acc\u00e8s aux cours dans un programme d\u2019\u00e9tudes (4 \u00e0 5 mati\u00e8res par semestre pour une mobilit\u00e9 internationale) ;<\/li> <li>d\u2019une possibilit\u00e9 de logement en r\u00e9sidence universitaire ;<\/li> <li>des m\u00eames droits que les \u00e9tudiants inscrits \u00e0 temps plein dans l\u2019universit\u00e9 d\u2019accueil.<\/li> <\/ul> <p><br><\/p><ul> <\/ul>\n<h3><strong style=\"background-color: initial; font-size: 20px;\">A l\u2019UPF<\/strong><br><\/h3> <p>Vous :<\/p> <ul> <li>vous acquittez des frais de scolarit\u00e9 habituels \u00e0 l\u2019UPF o\u00f9 vous demeurez inscrit ;<\/li> <li>\u00eates assist\u00e9 dans les d\u00e9marches administratives pour votre projet \u00e0 l\u2019\u00e9tranger ;<\/li> <li>\u00eates boursier: vous conservez votre bourse dans les m\u00eames conditions que si vous continuiez vos \u00e9tudes sur place ;<\/li> <li>obtenez la reconnaissance de la p\u00e9riode d\u2019\u00e9tudes \u00e0 l\u2019\u00e9tranger en cas de r\u00e9ussite aux examens conform\u00e9ment au contrat d\u2019\u00e9tudes pr\u00e9alablement \u00e9tabli avant le d\u00e9part ; le contrat d\u2019\u00e9tudes ECTS reprend la liste des enseignements devant \u00eatre suivis et obtenus \u00e0 l\u2019\u00e9tranger. Il est \u00e9tabli en accord avec l\u2019enseignant responsable de l\u2019\u00e9change.<\/li> <\/ul>\n<p>Le service des relations internationales est pr\u00e9sent pour vous accompagner afin que votre projet \u00e0 l\u2019\u00e9tranger se concr\u00e9tise et corresponde \u00e0 vos attentes.<br>Voici les premi\u00e8res d\u00e9marches \u00e0 suivre :<\/p> <ul> <li>Prenez rendez-vous avec le service des Relations Internationales en envoyant un mail \u00e0 <a href=\"mailto:relations-internationales@upf.pf\">relations-internationales@upf.pf<\/a> ;<\/li> <li>T\u00e9l\u00e9chargez la documentation correspondant \u00e0 votre projet (Erasmus ou mobilit\u00e9 internationale), compl\u00e9tez votre dossier de candidature et \u00e9tablissez une maquette de cours \u00e0 suivre dans l\u2019universit\u00e9 d\u2019accueil choisie (vous trouverez les enseignements propos\u00e9s par les universit\u00e9s sur leur site internet) ;<\/li> <li>R\u00e9digez une lettre de motivation en fran\u00e7ais (\u00e0 joindre \u00e0 votre dossier de candidature) et une en anglais ou en espagnol selon la langue parl\u00e9e dans votre pays d\u2019accueil (\u00e0 l\u2019attention de votre responsable p\u00e9dagogique) ;<\/li> <li>Prenez-rendez-vous avec votre responsable p\u00e9dagogique afin qu\u2019il approuve votre projet et valide ou ajuste votre maquette de cours ;<\/li> <\/ul> <p>D\u00e9posez aupr\u00e8s des Relations Internationales votre dossier de candidature compl\u00e9t\u00e9 et accompagn\u00e9 des documents demand\u00e9s.<\/p>\n<p>Programme de mobilit\u00e9 internationale :<\/p> <ul> <li>31 janvier pour un d\u00e9part au premier semestre (sauf pour l'Universit\u00e9 de Hawai\u02bbi at M\u0101noa : 15 janvier)<\/li> <li>30 septembre pour un d\u00e9part au second semestre<br>(sauf pour l'Universit\u00e9 de Hawai\u02bbi at M\u0101noa : 15 ao\u00fbt)<\/li> <\/ul> <p>Programme d\u2019\u00e9change Erasmus+ :<\/p> <ul> <li>31 mars pour un d\u00e9part au premier semestre<\/li> <li>30 octobre pour un d\u00e9part au second semestre<\/li> <\/ul>\n<p>Quelle que soit la dur\u00e9e de votre s\u00e9jour d\u2019\u00e9tudes \u00e0 l\u2019\u00e9tranger (2 semestres maximum), vous devrez vous inscrire \u00e0 l\u2019UPF avant votre d\u00e9part pour la pr\u00e9paration du dipl\u00f4me qui sera effectu\u00e9 en partie ou en totalit\u00e9 \u00e0 l\u2019\u00e9tranger.<\/p> <p>Vous paierez les droits d\u2019inscription \u00e0 l\u2019UPF et effectuerez une inscription sans frais \u00e0 l\u2019universit\u00e9 d\u2019accueil.<br> En fonction du pays d\u2019accueil et de la dur\u00e9e du s\u00e9jour \u00e0 l\u2019\u00e9tranger, il vous sera n\u00e9cessaire d\u2019obtenir un visa \u00e9tudiant. Les d\u00e9marches devront \u00eatre effectu\u00e9es d\u00e8s r\u00e9ception du dossier d\u2019admission de l\u2019\u00e9tablissement d\u2019accueil.<\/p> <p>Vous serez \u00e9galement tenus de souscrire \u00e0 une assurance pour le voyage et d\u2019avoir une couverture sant\u00e9 pour la dur\u00e9e de leur s\u00e9jour \u00e0 l\u2019\u00e9tranger.<\/p>\n<ul><li><h4>ELIGIBILITY CRITERIA<\/h4><p data-start=\"128\" data-end=\"229\"><strong data-start=\"128\" data-end=\"227\">To be eligible to apply for an exchange program, students must meet the following requirements:<\/strong><\/p> <ul data-start=\"231\" data-end=\"716\"> <li data-start=\"231\" data-end=\"285\"> <p data-start=\"233\" data-end=\"285\">Be enrolled at the University of French Polynesia;<\/p> <\/li> <li data-start=\"286\" data-end=\"341\"> <p data-start=\"288\" data-end=\"341\">Have successfully validated all previous semesters;<\/p> <\/li> <li data-start=\"342\" data-end=\"425\"> <p data-start=\"344\" data-end=\"425\">Be in at least the second year of a Bachelor\u2019s degree at the time of departure;<\/p> <\/li> <li data-start=\"426\" data-end=\"597\"> <p data-start=\"428\" data-end=\"597\">Demonstrate sufficient language proficiency in the host country (minimum B1 level recommended, though higher proficiency may be required depending on the institution);<\/p> <\/li> <li data-start=\"598\" data-end=\"657\"> <p data-start=\"600\" data-end=\"657\">Present a coherent and well-motivated mobility project;<\/p> <\/li> <li data-start=\"658\" data-end=\"716\"> <p data-start=\"660\" data-end=\"716\">Be capable of working and living independently abroad.<\/p> <\/li> <\/ul> <p data-start=\"718\" data-end=\"874\"><em data-start=\"721\" data-end=\"872\">Please note: some partner universities require applicants to have completed at least one full year of a Bachelor\u2019s degree at the time of application.<\/em><\/p><\/li><li><h4>Procedure<\/h4><p data-start=\"71\" data-end=\"98\"><strong data-start=\"71\" data-end=\"96\">Application Procedure<\/strong><\/p> <ol data-start=\"100\" data-end=\"984\"> <li data-start=\"100\" data-end=\"314\"> <p data-start=\"103\" data-end=\"314\"><strong data-start=\"103\" data-end=\"170\">Schedule an appointment with the International Relations Office<\/strong><br data-start=\"170\" data-end=\"173\">Contact us to discuss your mobility project, explore potential destinations, and gain a better understanding of the application process.<\/p> <\/li> <li data-start=\"316\" data-end=\"525\"> <p data-start=\"319\" data-end=\"525\"><strong data-start=\"319\" data-end=\"390\">Complete the application form and draft your provisional study plan<\/strong><br data-start=\"390\" data-end=\"393\">Prepare a proposed course schedule based on the academic offer of partner universities, available on their respective websites.<\/p> <\/li> <li data-start=\"527\" data-end=\"693\"> <p data-start=\"530\" data-end=\"693\"><strong data-start=\"530\" data-end=\"565\">Meet with your academic advisor<\/strong><br data-start=\"565\" data-end=\"568\">Present your mobility project to your advisor, who will review and either approve or adjust your provisional study plan.<\/p> <\/li> <li data-start=\"695\" data-end=\"984\"> <p data-start=\"698\" data-end=\"984\"><strong data-start=\"698\" data-end=\"748\">Submit your complete application file by email<\/strong><br data-start=\"748\" data-end=\"751\">Send all required documents and attachments by email to the International Relations Office before the application deadline. Your file will then be jointly reviewed by your academic advisor and the International Relations Office.<\/p> <\/li> <\/ol> <p data-start=\"986\" data-end=\"1129\">In the <em data-start=\"996\" data-end=\"1022\">\u201cForms and Useful Links\u201d<\/em> section, you will find a detailed application guide as well as all the necessary downloadable documents.<\/p> <a href=\"https:\/\/www.canva.com\/design\/DAGKA0ddU4g\/N-DpHTSlai1QQJDO3VrYwQ\/view?utm_content=DAGKA0ddU4g&#038;utm_campaign=designshare&#038;utm_medium=link&#038;utm_source=editor\" > Guide de candidature <\/a> <a href=\"https:\/\/international.upf.pf\/wp-content\/uploads\/2025\/09\/Formulaire-de-candidature-Programme-dechange-international_MAJ-27022025.pdf\" > Formulaire de candidature <\/a> <a href=\"https:\/\/www.canva.com\/design\/DAGAu3Jo_XQ\/CfbEc1EoLkGpabKb4pJqag\/view?utm_content=DAGAu3Jo_XQ&#038;utm_campaign=designshare&#038;utm_medium=link&#038;utm_source=editor\" > Plan d'\u00e9tudes provisoire <\/a> <a href=\"https:\/\/international.upf.pf\/wp-content\/uploads\/2025\/09\/Responsabilites-admi-pedag-2025-2026.pdf\" > Liste des responsables p\u00e9dagogiques 2025-2026 <\/a><\/li><li><h4>Deadlines<\/h4><p>The application file must be submitted no later than March 31 (inclusive) for departures in the first semester, and September 30 (inclusive) for departures in the second semester.<\/p><\/li><li><h4>Administrative Requirements<\/h4><p>Regardless of the duration of your study mobility (maximum of two semesters), you must remain enrolled at the University of French Polynesia (UPF). Your enrollment at UPF is essential for the validation of your degree, even if part of it is completed at a partner university. You will only be required to pay tuition fees at UPF. The host university will register you without additional tuition costs.<\/p> <p data-start=\"546\" data-end=\"839\">If you are a French national going to a country within the Schengen Area, you generally do not need a student visa. However, some countries require a visa for any stay exceeding three months. It is therefore essential to check the specific requirements of your host country before departure.<\/p> <p data-start=\"841\" data-end=\"1051\">Before leaving, you must also take out travel insurance and ensure that you have valid health coverage for the entire duration of your stay abroad. An ERASMUS+ mobility kit is available upon request by email.<\/p> <p>DOCUMENTS<\/p> <a href=\"https:\/\/www.canva.com\/design\/DAGV2Ck2A4Y\/033qgzqqZVvZox4LWzKtCw\/view?utm_content=DAGV2Ck2A4Y&#038;utm_campaign=designshare&#038;utm_medium=link2&#038;utm_source=uniquelinks&#038;utlId=h5417b76242\" > Guide de proc\u00e9dure pour pr\u00e9parer sa mobilit\u00e9 en Europe <\/a> <a href=\"https:\/\/international.upf.pf\/wp-content\/uploads\/2025\/02\/Tableau-des-equivalences.xlsx\" > Tableau des \u00e9quivalences <\/a><\/li><li><h4>academic recognition<\/h4><p data-start=\"41\" data-end=\"503\">The <strong data-start=\"45\" data-end=\"104\">European Credit Transfer and Accumulation System (ECTS)<\/strong> makes it possible to validate the credits earned during an Erasmus+ mobility period. Before starting their study or internship abroad, students participating in the Erasmus+ programme receive an Erasmus+ mobility agreement from UPF. This study period, whether for one semester or a full academic year, as well as the learning outcomes achieved, can be recognised and validated by UPF upon return.<\/p> <p data-start=\"505\" data-end=\"590\">For more information, please refer to <a href=\"https:\/\/www.upf.pf\/fr\/reglement-general-des-etudes-0\"><strong data-start=\"543\" data-end=\"587\">Annex 5 of the General Study Regulations<\/strong>.<\/a><\/p><\/li><\/ul>\n<p data-start=\"128\" data-end=\"229\"><strong data-start=\"128\" data-end=\"227\">To be eligible to apply for an exchange program, students must meet the following requirements:<\/strong><\/p> <ul data-start=\"231\" data-end=\"716\"> <li data-start=\"231\" data-end=\"285\"> <p data-start=\"233\" data-end=\"285\">Be enrolled at the University of French Polynesia;<\/p> <\/li> <li data-start=\"286\" data-end=\"341\"> <p data-start=\"288\" data-end=\"341\">Have successfully validated all previous semesters;<\/p> <\/li> <li data-start=\"342\" data-end=\"425\"> <p data-start=\"344\" data-end=\"425\">Be in at least the second year of a Bachelor\u2019s degree at the time of departure;<\/p> <\/li> <li data-start=\"426\" data-end=\"597\"> <p data-start=\"428\" data-end=\"597\">Demonstrate sufficient language proficiency in the host country (minimum B1 level recommended, though higher proficiency may be required depending on the institution);<\/p> <\/li> <li data-start=\"598\" data-end=\"657\"> <p data-start=\"600\" data-end=\"657\">Present a coherent and well-motivated mobility project;<\/p> <\/li> <li data-start=\"658\" data-end=\"716\"> <p data-start=\"660\" data-end=\"716\">Be capable of working and living independently abroad.<\/p> <\/li> <\/ul> <p data-start=\"718\" data-end=\"874\"><em data-start=\"721\" data-end=\"872\">Please note: some partner universities require applicants to have completed at least one full year of a Bachelor\u2019s degree at the time of application.<\/em><\/p>\n<p data-start=\"71\" data-end=\"98\"><strong data-start=\"71\" data-end=\"96\">Application Procedure<\/strong><\/p> <ol data-start=\"100\" data-end=\"984\"> <li data-start=\"100\" data-end=\"314\"> <p data-start=\"103\" data-end=\"314\"><strong data-start=\"103\" data-end=\"170\">Schedule an appointment with the International Relations Office<\/strong><br data-start=\"170\" data-end=\"173\">Contact us to discuss your mobility project, explore potential destinations, and gain a better understanding of the application process.<\/p> <\/li> <li data-start=\"316\" data-end=\"525\"> <p data-start=\"319\" data-end=\"525\"><strong data-start=\"319\" data-end=\"390\">Complete the application form and draft your provisional study plan<\/strong><br data-start=\"390\" data-end=\"393\">Prepare a proposed course schedule based on the academic offer of partner universities, available on their respective websites.<\/p> <\/li> <li data-start=\"527\" data-end=\"693\"> <p data-start=\"530\" data-end=\"693\"><strong data-start=\"530\" data-end=\"565\">Meet with your academic advisor<\/strong><br data-start=\"565\" data-end=\"568\">Present your mobility project to your advisor, who will review and either approve or adjust your provisional study plan.<\/p> <\/li> <li data-start=\"695\" data-end=\"984\"> <p data-start=\"698\" data-end=\"984\"><strong data-start=\"698\" data-end=\"748\">Submit your complete application file by email<\/strong><br data-start=\"748\" data-end=\"751\">Send all required documents and attachments by email to the International Relations Office before the application deadline. Your file will then be jointly reviewed by your academic advisor and the International Relations Office.<\/p> <\/li> <\/ol> <p data-start=\"986\" data-end=\"1129\">In the <em data-start=\"996\" data-end=\"1022\">\u201cForms and Useful Links\u201d<\/em> section, you will find a detailed application guide as well as all the necessary downloadable documents.<\/p>\n<a href=\"https:\/\/www.canva.com\/design\/DAGKA0ddU4g\/N-DpHTSlai1QQJDO3VrYwQ\/view?utm_content=DAGKA0ddU4g&#038;utm_campaign=designshare&#038;utm_medium=link&#038;utm_source=editor\" > Guide de candidature <\/a>\n<a href=\"https:\/\/international.upf.pf\/wp-content\/uploads\/2025\/09\/Formulaire-de-candidature-Programme-dechange-international_MAJ-27022025.pdf\" > Formulaire de candidature <\/a>\n<a href=\"https:\/\/www.canva.com\/design\/DAGAu3Jo_XQ\/CfbEc1EoLkGpabKb4pJqag\/view?utm_content=DAGAu3Jo_XQ&#038;utm_campaign=designshare&#038;utm_medium=link&#038;utm_source=editor\" > Plan d'\u00e9tudes provisoire <\/a>\n<a href=\"https:\/\/international.upf.pf\/wp-content\/uploads\/2025\/09\/Responsabilites-admi-pedag-2025-2026.pdf\" > Liste des responsables p\u00e9dagogiques 2025-2026 <\/a>\n<p>The application file must be submitted no later than March 31 (inclusive) for departures in the first semester, and September 30 (inclusive) for departures in the second semester.<\/p>\n<p>Regardless of the duration of your study mobility (maximum of two semesters), you must remain enrolled at the University of French Polynesia (UPF). Your enrollment at UPF is essential for the validation of your degree, even if part of it is completed at a partner university. You will only be required to pay tuition fees at UPF. The host university will register you without additional tuition costs.<\/p>\n<p data-start=\"546\" data-end=\"839\">If you are a French national going to a country within the Schengen Area, you generally do not need a student visa. However, some countries require a visa for any stay exceeding three months. It is therefore essential to check the specific requirements of your host country before departure.<\/p> <p data-start=\"841\" data-end=\"1051\">Before leaving, you must also take out travel insurance and ensure that you have valid health coverage for the entire duration of your stay abroad. An ERASMUS+ mobility kit is available upon request by email.<\/p>\n<p>DOCUMENTS<\/p>\n<a href=\"https:\/\/www.canva.com\/design\/DAGV2Ck2A4Y\/033qgzqqZVvZox4LWzKtCw\/view?utm_content=DAGV2Ck2A4Y&#038;utm_campaign=designshare&#038;utm_medium=link2&#038;utm_source=uniquelinks&#038;utlId=h5417b76242\" > Guide de proc\u00e9dure pour pr\u00e9parer sa mobilit\u00e9 en Europe <\/a>\n<a href=\"https:\/\/international.upf.pf\/wp-content\/uploads\/2025\/02\/Tableau-des-equivalences.xlsx\" > Tableau des \u00e9quivalences <\/a>\n<p data-start=\"41\" data-end=\"503\">The <strong data-start=\"45\" data-end=\"104\">European Credit Transfer and Accumulation System (ECTS)<\/strong> makes it possible to validate the credits earned during an Erasmus+ mobility period. Before starting their study or internship abroad, students participating in the Erasmus+ programme receive an Erasmus+ mobility agreement from UPF. This study period, whether for one semester or a full academic year, as well as the learning outcomes achieved, can be recognised and validated by UPF upon return.<\/p> <p data-start=\"505\" data-end=\"590\">For more information, please refer to <a href=\"https:\/\/www.upf.pf\/fr\/reglement-general-des-etudes-0\"><strong data-start=\"543\" data-end=\"587\">Annex 5 of the General Study Regulations<\/strong>.<\/a><\/p>\n<a href=\"https:\/\/international.upf.pf\/partir-a-letranger\/doctorant\/\" > Doctorants <\/a>\n<a href=\"https:\/\/international.upf.pf\/partir-a-letranger\/enseignants-chercheurs\/\" > Enseignant-chercheurs <\/a>\n<a href=\"https:\/\/international.upf.pf\/partir-a-letranger\/personnels-de-lupf\/\" > Personnels de l'UPF <\/a>","_links":{"self":[{"href":"https:\/\/international.upf.pf\/en\/wp-json\/wp\/v2\/pages\/3828","targetHints":{"allow":["GET"]}}],"collection":[{"href":"https:\/\/international.upf.pf\/en\/wp-json\/wp\/v2\/pages"}],"about":[{"href":"https:\/\/international.upf.pf\/en\/wp-json\/wp\/v2\/types\/page"}],"author":[{"embeddable":true,"href":"https:\/\/international.upf.pf\/en\/wp-json\/wp\/v2\/users\/1"}],"replies":[{"embeddable":true,"href":"https:\/\/international.upf.pf\/en\/wp-json\/wp\/v2\/comments?post=3828"}],"version-history":[{"count":44,"href":"https:\/\/international.upf.pf\/en\/wp-json\/wp\/v2\/pages\/3828\/revisions"}],"predecessor-version":[{"id":7083,"href":"https:\/\/international.upf.pf\/en\/wp-json\/wp\/v2\/pages\/3828\/revisions\/7083"}],"up":[{"embeddable":true,"href":"https:\/\/international.upf.pf\/en\/wp-json\/wp\/v2\/pages\/3822"}],"wp:featuredmedia":[{"embeddable":true,"href":"https:\/\/international.upf.pf\/en\/wp-json\/wp\/v2\/media\/5056"}],"wp:attachment":[{"href":"https:\/\/international.upf.pf\/en\/wp-json\/wp\/v2\/media?parent=3828"}],"curies":[{"name":"wp","href":"https:\/\/api.w.org\/{rel}","templated":true}]}}